{"id":111,"date":"2024-10-02T14:52:21","date_gmt":"2024-10-02T12:52:21","guid":{"rendered":"https:\/\/lafermedelalmanarre.com\/?page_id=111"},"modified":"2025-11-19T12:04:22","modified_gmt":"2025-11-19T11:04:22","slug":"aproposdenous","status":"publish","type":"page","link":"https:\/\/lafermedelalmanarre.com\/index.php\/aproposdenous\/","title":{"rendered":"aproposdenous"},"content":{"rendered":"<p>[et_pb_section fb_built=\u00a0\u00bb1&Prime; admin_label=\u00a0\u00bbCommunity\u00a0\u00bb _builder_version=\u00a0\u00bb4.23.2&Prime; _module_preset=\u00a0\u00bbdefault\u00a0\u00bb locked=\u00a0\u00bboff\u00a0\u00bb collapsed=\u00a0\u00bbon\u00a0\u00bb global_colors_info=\u00a0\u00bb{}\u00a0\u00bb][et_pb_row _builder_version=\u00a0\u00bb4.24.2&Prime; _module_preset=\u00a0\u00bbdefault\u00a0\u00bb locked=\u00a0\u00bboff\u00a0\u00bb global_colors_info=\u00a0\u00bb{}\u00a0\u00bb][et_pb_column type=\u00a0\u00bb4_4&Prime; _builder_version=\u00a0\u00bb4.23.2&Prime; _module_preset=\u00a0\u00bbdefault\u00a0\u00bb global_colors_info=\u00a0\u00bb{}\u00a0\u00bb][et_pb_image src=\u00a0\u00bbhttp:\/\/lafermedelalmanarre.com\/wp-content\/uploads\/2024\/10\/organic-farming-illustrations-07b-1.png\u00a0\u00bb title_text=\u00a0\u00bborganic-farming-illustrations-07b-1&Prime; _builder_version=\u00a0\u00bb4.27.2&Prime; _module_preset=\u00a0\u00bbdefault\u00a0\u00bb max_width=\u00a0\u00bb300px\u00a0\u00bb module_alignment=\u00a0\u00bbcenter\u00a0\u00bb filter_brightness=\u00a0\u00bb130%\u00a0\u00bb filter_sepia=\u00a0\u00bb100%\u00a0\u00bb locked=\u00a0\u00bboff\u00a0\u00bb global_colors_info=\u00a0\u00bb{}\u00a0\u00bb][\/et_pb_image][et_pb_text _builder_version=\u00a0\u00bb4.27.0&Prime; _module_preset=\u00a0\u00bb_initial\u00a0\u00bb header_4_font=\u00a0\u00bbJosefin Sans|700||on|||||\u00a0\u00bb header_4_text_color=\u00a0\u00bbgcid-cc026ee9-2dfb-4c5b-892b-7f86cd297fec\u00a0\u00bb header_4_font_size=\u00a0\u00bb14px\u00a0\u00bb header_4_letter_spacing=\u00a0\u00bb1px\u00a0\u00bb header_4_line_height=\u00a0\u00bb1.4em\u00a0\u00bb text_orientation=\u00a0\u00bbcenter\u00a0\u00bb custom_margin=\u00a0\u00bb||10px||false|false\u00a0\u00bb global_colors_info=\u00a0\u00bb{%22gcid-c515c2e5-3fd0-4426-90da-e434a88a980d%22:%91%22text_text_color%22,%22text_text_color%22%93,%22gcid-cc026ee9-2dfb-4c5b-892b-7f86cd297fec%22:%91%22header_4_text_color%22%93}\u00a0\u00bb]<\/p>\n<h4>A Propos De Nous<\/h4>\n<p>[\/et_pb_text][et_pb_text _builder_version=\u00a0\u00bb4.27.0&Prime; _module_preset=\u00a0\u00bb_initial\u00a0\u00bb header_font=\u00a0\u00bbJosefin Sans|700|||||||\u00a0\u00bb header_text_color=\u00a0\u00bbgcid-0a70bcaa-1736-40e0-9723-4fb88b8b6694&Prime; header_font_size=\u00a0\u00bb72px\u00a0\u00bb header_line_height=\u00a0\u00bb1.2em\u00a0\u00bb text_orientation=\u00a0\u00bbcenter\u00a0\u00bb header_font_size_tablet=\u00a0\u00bb40px\u00a0\u00bb header_font_size_phone=\u00a0\u00bb25px\u00a0\u00bb header_font_size_last_edited=\u00a0\u00bbon|desktop\u00a0\u00bb global_colors_info=\u00a0\u00bb{%22gcid-0a70bcaa-1736-40e0-9723-4fb88b8b6694%22:%91%22header_text_color%22%93}\u00a0\u00bb]<\/p>\n<h1>Notre Histoire et Nos Valeurs depuis 50 ans<\/h1>\n<p>[\/et_pb_text][\/et_pb_column][\/et_pb_row][et_pb_row _builder_version=\u00a0\u00bb4.23.2&Prime; _module_preset=\u00a0\u00bbdefault\u00a0\u00bb global_colors_info=\u00a0\u00bb{}\u00a0\u00bb][et_pb_column type=\u00a0\u00bb4_4&Prime; _builder_version=\u00a0\u00bb4.23.2&Prime; _module_preset=\u00a0\u00bbdefault\u00a0\u00bb global_colors_info=\u00a0\u00bb{}\u00a0\u00bb][et_pb_image src=\u00a0\u00bbhttp:\/\/lafermedelalmanarre.com\/wp-content\/uploads\/2024\/10\/a-propos.jpg\u00a0\u00bb title_text=\u00a0\u00bba propos\u00a0\u00bb disabled_on=\u00a0\u00bbon|on|off\u00a0\u00bb _builder_version=\u00a0\u00bb4.27.0&Prime; _module_preset=\u00a0\u00bbdefault\u00a0\u00bb global_colors_info=\u00a0\u00bb{}\u00a0\u00bb transform_styles__hover_enabled=\u00a0\u00bbon|hover\u00a0\u00bb transform_scale__hover_enabled=\u00a0\u00bbon|hover\u00a0\u00bb transform_translate__hover_enabled=\u00a0\u00bbon|desktop\u00a0\u00bb transform_rotate__hover_enabled=\u00a0\u00bbon|desktop\u00a0\u00bb transform_skew__hover_enabled=\u00a0\u00bbon|desktop\u00a0\u00bb transform_origin__hover_enabled=\u00a0\u00bbon|desktop\u00a0\u00bb transform_scale__hover=\u00a0\u00bb103%|103%\u00a0\u00bb][\/et_pb_image][et_pb_image src=\u00a0\u00bbhttp:\/\/lafermedelalmanarre.com\/wp-content\/uploads\/2024\/10\/image00100-scaled.jpeg\u00a0\u00bb title_text=\u00a0\u00bbimage00100&Prime; disabled_on=\u00a0\u00bboff|off|on\u00a0\u00bb _builder_version=\u00a0\u00bb4.27.0&Prime; _module_preset=\u00a0\u00bbdefault\u00a0\u00bb global_colors_info=\u00a0\u00bb{}\u00a0\u00bb][\/et_pb_image][\/et_pb_column][\/et_pb_row][et_pb_row column_structure=\u00a0\u00bb1_2,1_2&Prime; use_custom_gutter=\u00a0\u00bbon\u00a0\u00bb gutter_width=\u00a0\u00bb1&Prime; make_equal=\u00a0\u00bbon\u00a0\u00bb _builder_version=\u00a0\u00bb4.27.2&Prime; _module_preset=\u00a0\u00bbdefault\u00a0\u00bb locked=\u00a0\u00bboff\u00a0\u00bb global_colors_info=\u00a0\u00bb{}\u00a0\u00bb][et_pb_column type=\u00a0\u00bb1_2&Prime; _builder_version=\u00a0\u00bb4.25.0&Prime; _module_preset=\u00a0\u00bbdefault\u00a0\u00bb background_color=\u00a0\u00bb#f2f2f2&Prime; custom_padding=\u00a0\u00bb30px|30px|30px|30px|true|true\u00a0\u00bb custom_padding_tablet=\u00a0\u00bb30px|30px|30px|30px|true|true\u00a0\u00bb custom_padding_phone=\u00a0\u00bb20px|20px|20px|20px|true|true\u00a0\u00bb custom_padding_last_edited=\u00a0\u00bbon|desktop\u00a0\u00bb global_colors_info=\u00a0\u00bb{}\u00a0\u00bb][et_pb_text _builder_version=\u00a0\u00bb4.27.0&Prime; _module_preset=\u00a0\u00bb_initial\u00a0\u00bb header_4_font=\u00a0\u00bbJosefin Sans|700|||||||\u00a0\u00bb header_4_font_size=\u00a0\u00bb24px\u00a0\u00bb header_4_line_height=\u00a0\u00bb1.4em\u00a0\u00bb custom_margin=\u00a0\u00bb||0px||false|false\u00a0\u00bb header_4_font_size_tablet=\u00a0\u00bb16px\u00a0\u00bb header_4_font_size_phone=\u00a0\u00bb20px\u00a0\u00bb header_4_font_size_last_edited=\u00a0\u00bbon|desktop\u00a0\u00bb global_colors_info=\u00a0\u00bb{}\u00a0\u00bb]<\/p>\n<h4>L\u2019Agriculture Raisonn\u00e9e<\/h4>\n<p>[\/et_pb_text][et_pb_text _builder_version=\u00a0\u00bb4.27.0&Prime; _module_preset=\u00a0\u00bb_initial\u00a0\u00bb text_text_color=\u00a0\u00bb#000000&Prime; text_line_height=\u00a0\u00bb1.6em\u00a0\u00bb global_colors_info=\u00a0\u00bb{}\u00a0\u00bb]<\/p>\n<p>\u00c0 La Ferme de l&rsquo;Almanarre, nous pratiquons une agriculture raisonn\u00e9e, respectueuse de la nature. Cela nous permet de vous offrir des produits de qualit\u00e9 tout en pr\u00e9servant l&rsquo;environnement et la biodiversit\u00e9.<\/p>\n<p>[\/et_pb_text][\/et_pb_column][et_pb_column type=\u00a0\u00bb1_2&Prime; _builder_version=\u00a0\u00bb4.27.2&Prime; _module_preset=\u00a0\u00bbdefault\u00a0\u00bb background_color=\u00a0\u00bb#FFCC00&Prime; custom_padding=\u00a0\u00bb30px|30px|30px|30px|true|true\u00a0\u00bb custom_padding_tablet=\u00a0\u00bb30px|30px|30px|30px|true|true\u00a0\u00bb custom_padding_phone=\u00a0\u00bb20px|20px|20px|20px|true|true\u00a0\u00bb custom_padding_last_edited=\u00a0\u00bbon|desktop\u00a0\u00bb global_colors_info=\u00a0\u00bb{}\u00a0\u00bb][et_pb_text _builder_version=\u00a0\u00bb4.27.2&Prime; _module_preset=\u00a0\u00bb_initial\u00a0\u00bb header_4_font=\u00a0\u00bbJosefin Sans|700|||||||\u00a0\u00bb header_4_text_color=\u00a0\u00bb#05433B\u00a0\u00bb header_4_font_size=\u00a0\u00bb24px\u00a0\u00bb header_4_line_height=\u00a0\u00bb1.4em\u00a0\u00bb custom_margin=\u00a0\u00bb||0px||false|false\u00a0\u00bb header_4_font_size_tablet=\u00a0\u00bb16px\u00a0\u00bb header_4_font_size_phone=\u00a0\u00bb20px\u00a0\u00bb header_4_font_size_last_edited=\u00a0\u00bbon|desktop\u00a0\u00bb global_colors_info=\u00a0\u00bb{}\u00a0\u00bb]<\/p>\n<h4>Depuis 3 G\u00e9n\u00e9rations<\/h4>\n<p>[\/et_pb_text][et_pb_text _builder_version=\u00a0\u00bb4.27.2&Prime; _module_preset=\u00a0\u00bb_initial\u00a0\u00bb text_text_color=\u00a0\u00bb#05433B\u00a0\u00bb text_line_height=\u00a0\u00bb1.6em\u00a0\u00bb global_colors_info=\u00a0\u00bb{}\u00a0\u00bb]<\/p>\n<p>Depuis pr\u00e8s de 50 ans, La Ferme de l&rsquo;Almanarre est transmise de g\u00e9n\u00e9ration en g\u00e9n\u00e9ration. Cette continuit\u00e9 familiale garantit un savoir-faire unique, m\u00ealant tradition et innovation, avec un engagement constant pour la qualit\u00e9 et le respect de la nature.<\/p>\n<p>[\/et_pb_text][\/et_pb_column][\/et_pb_row][\/et_pb_section][et_pb_section fb_built=\u00a0\u00bb1&Prime; admin_label=\u00a0\u00bbAbout\u00a0\u00bb _builder_version=\u00a0\u00bb4.23.2&Prime; _module_preset=\u00a0\u00bbdefault\u00a0\u00bb locked=\u00a0\u00bboff\u00a0\u00bb collapsed=\u00a0\u00bbon\u00a0\u00bb global_colors_info=\u00a0\u00bb{}\u00a0\u00bb][et_pb_row column_structure=\u00a0\u00bb3_5,2_5&Prime; _builder_version=\u00a0\u00bb4.24.2&Prime; _module_preset=\u00a0\u00bbdefault\u00a0\u00bb global_colors_info=\u00a0\u00bb{}\u00a0\u00bb][et_pb_column type=\u00a0\u00bb3_5&Prime; _builder_version=\u00a0\u00bb4.23.2&Prime; _module_preset=\u00a0\u00bbdefault\u00a0\u00bb global_colors_info=\u00a0\u00bb{}\u00a0\u00bb][et_pb_text _builder_version=\u00a0\u00bb4.27.0&Prime; _module_preset=\u00a0\u00bb_initial\u00a0\u00bb header_4_font=\u00a0\u00bbJosefin Sans|700||on|||||\u00a0\u00bb header_4_text_color=\u00a0\u00bbgcid-0a70bcaa-1736-40e0-9723-4fb88b8b6694&Prime; header_4_font_size=\u00a0\u00bb14px\u00a0\u00bb header_4_letter_spacing=\u00a0\u00bb1px\u00a0\u00bb header_4_line_height=\u00a0\u00bb1.4em\u00a0\u00bb custom_margin=\u00a0\u00bb||10px||false|false\u00a0\u00bb global_colors_info=\u00a0\u00bb{%22gcid-c515c2e5-3fd0-4426-90da-e434a88a980d%22:%91%22text_text_color%22,%22text_text_color%22%93,%22gcid-0a70bcaa-1736-40e0-9723-4fb88b8b6694%22:%91%22header_4_text_color%22%93}\u00a0\u00bb]<\/p>\n<h4>Qui je suis ?<\/h4>\n<p>[\/et_pb_text][et_pb_text _builder_version=\u00a0\u00bb4.27.2&Prime; _module_preset=\u00a0\u00bb_initial\u00a0\u00bb header_font=\u00a0\u00bb||||||||\u00a0\u00bb header_2_font=\u00a0\u00bbJosefin Sans|700|||||||\u00a0\u00bb header_2_font_size=\u00a0\u00bb52px\u00a0\u00bb header_2_line_height=\u00a0\u00bb1.2em\u00a0\u00bb custom_margin=\u00a0\u00bb||10px||false|false\u00a0\u00bb header_2_font_size_tablet=\u00a0\u00bb32px\u00a0\u00bb header_2_font_size_phone=\u00a0\u00bb30px\u00a0\u00bb header_2_font_size_last_edited=\u00a0\u00bbon|desktop\u00a0\u00bb global_colors_info=\u00a0\u00bb{}\u00a0\u00bb]<\/p>\n<h2>MYLENE HEREDIA<\/h2>\n<p>[\/et_pb_text][et_pb_text _builder_version=\u00a0\u00bb4.27.0&Prime; _module_preset=\u00a0\u00bb_initial\u00a0\u00bb text_font_size=\u00a0\u00bb16px\u00a0\u00bb text_line_height=\u00a0\u00bb1.8em\u00a0\u00bb text_font_size_tablet=\u00a0\u00bb15px\u00a0\u00bb text_font_size_phone=\u00a0\u00bb14px\u00a0\u00bb text_font_size_last_edited=\u00a0\u00bbon|desktop\u00a0\u00bb global_colors_info=\u00a0\u00bb{}\u00a0\u00bb]<\/p>\n<p>Je m&rsquo;appelle Myl\u00e8ne Heredia, et je suis fi\u00e8re de repr\u00e9senter la troisi\u00e8me g\u00e9n\u00e9ration \u00e0 la t\u00eate de La Ferme de l&rsquo;Almanarre. Depuis toute petite, j&rsquo;ai grandi au milieu des champs, en apprenant le respect de la terre et l&rsquo;amour du travail bien fait. Aujourd&rsquo;hui, je perp\u00e9tue cet h\u00e9ritage familial avec passion, en cultivant nos produits selon les principes de l&rsquo;agriculture raisonn\u00e9e. Mon objectif est de vous offrir des produits de qualit\u00e9, frais et respectueux de la nature, comme ma famille l&rsquo;a toujours fait.<\/p>\n<p>[\/et_pb_text][et_pb_button button_url=\u00a0\u00bb#ancre4&Prime; button_text=\u00a0\u00bbEn savoir plus\u00a0\u00bb _builder_version=\u00a0\u00bb4.27.2&Prime; _module_preset=\u00a0\u00bb_initial\u00a0\u00bb custom_button=\u00a0\u00bbon\u00a0\u00bb button_text_size=\u00a0\u00bb14px\u00a0\u00bb button_text_color=\u00a0\u00bb#FFFFFF\u00a0\u00bb button_bg_color=\u00a0\u00bb#000000&Prime; button_border_width=\u00a0\u00bb0px\u00a0\u00bb button_border_radius=\u00a0\u00bb50px\u00a0\u00bb button_letter_spacing=\u00a0\u00bb0.12em\u00a0\u00bb button_font=\u00a0\u00bbJosefin Sans|700||on|||||\u00a0\u00bb custom_padding=\u00a0\u00bb12px|24px|12px|24px|true|true\u00a0\u00bb global_colors_info=\u00a0\u00bb{}\u00a0\u00bb transform_styles__hover_enabled=\u00a0\u00bbon|hover\u00a0\u00bb transform_scale__hover_enabled=\u00a0\u00bbon|hover\u00a0\u00bb transform_translate__hover_enabled=\u00a0\u00bbon|desktop\u00a0\u00bb transform_rotate__hover_enabled=\u00a0\u00bbon|desktop\u00a0\u00bb transform_skew__hover_enabled=\u00a0\u00bbon|desktop\u00a0\u00bb transform_origin__hover_enabled=\u00a0\u00bbon|desktop\u00a0\u00bb transform_scale__hover=\u00a0\u00bb110%|110%\u00a0\u00bb][\/et_pb_button][\/et_pb_column][et_pb_column type=\u00a0\u00bb2_5&Prime; _builder_version=\u00a0\u00bb4.23.2&Prime; _module_preset=\u00a0\u00bbdefault\u00a0\u00bb global_colors_info=\u00a0\u00bb{}\u00a0\u00bb][et_pb_image src=\u00a0\u00bbhttp:\/\/lafermedelalmanarre.com\/wp-content\/uploads\/2024\/10\/mylene-heredia.jpg\u00a0\u00bb title_text=\u00a0\u00bbmylene heredia\u00a0\u00bb _builder_version=\u00a0\u00bb4.27.0&Prime; _module_preset=\u00a0\u00bbdefault\u00a0\u00bb global_colors_info=\u00a0\u00bb{}\u00a0\u00bb transform_styles__hover_enabled=\u00a0\u00bbon|hover\u00a0\u00bb transform_scale__hover_enabled=\u00a0\u00bbon|hover\u00a0\u00bb transform_translate__hover_enabled=\u00a0\u00bbon|desktop\u00a0\u00bb transform_rotate__hover_enabled=\u00a0\u00bbon|desktop\u00a0\u00bb transform_skew__hover_enabled=\u00a0\u00bbon|desktop\u00a0\u00bb transform_origin__hover_enabled=\u00a0\u00bbon|desktop\u00a0\u00bb transform_scale__hover=\u00a0\u00bb110%|110%\u00a0\u00bb][\/et_pb_image][\/et_pb_column][\/et_pb_row][et_pb_row column_structure=\u00a0\u00bb1_3,1_3,1_3&Prime; use_custom_gutter=\u00a0\u00bbon\u00a0\u00bb gutter_width=\u00a0\u00bb1&Prime; make_equal=\u00a0\u00bbon\u00a0\u00bb module_id=\u00a0\u00bbancre4&Prime; module_class=\u00a0\u00bbancre4&Prime; _builder_version=\u00a0\u00bb4.27.2&Prime; _module_preset=\u00a0\u00bbdefault\u00a0\u00bb global_colors_info=\u00a0\u00bb{}\u00a0\u00bb][et_pb_column type=\u00a0\u00bb1_3&Prime; _builder_version=\u00a0\u00bb4.27.0&Prime; _module_preset=\u00a0\u00bbdefault\u00a0\u00bb background_color=\u00a0\u00bbgcid-0a70bcaa-1736-40e0-9723-4fb88b8b6694&Prime; custom_padding=\u00a0\u00bb30px|30px|30px|30px|true|true\u00a0\u00bb custom_padding_tablet=\u00a0\u00bb30px|30px|30px|30px|true|true\u00a0\u00bb custom_padding_phone=\u00a0\u00bb20px|20px|20px|20px|true|true\u00a0\u00bb custom_padding_last_edited=\u00a0\u00bbon|desktop\u00a0\u00bb global_colors_info=\u00a0\u00bb{%22gcid-0a70bcaa-1736-40e0-9723-4fb88b8b6694%22:%91%22background_color%22%93}\u00a0\u00bb transform_styles__hover_enabled=\u00a0\u00bbon|hover\u00a0\u00bb transform_scale__hover_enabled=\u00a0\u00bbon|hover\u00a0\u00bb transform_translate__hover_enabled=\u00a0\u00bbon|desktop\u00a0\u00bb transform_rotate__hover_enabled=\u00a0\u00bbon|desktop\u00a0\u00bb transform_skew__hover_enabled=\u00a0\u00bbon|desktop\u00a0\u00bb transform_origin__hover_enabled=\u00a0\u00bbon|desktop\u00a0\u00bb transform_scale__hover=\u00a0\u00bb105%|105%\u00a0\u00bb][et_pb_image src=\u00a0\u00bbhttp:\/\/lafermedelalmanarre.com\/wp-content\/uploads\/2024\/10\/organic-farming-icon-06-1.png\u00a0\u00bb title_text=\u00a0\u00bborganic-farming-icon-06-1&Prime; _builder_version=\u00a0\u00bb4.24.2&Prime; _module_preset=\u00a0\u00bbdefault\u00a0\u00bb max_width=\u00a0\u00bb64px\u00a0\u00bb max_height=\u00a0\u00bb64px\u00a0\u00bb custom_margin=\u00a0\u00bb||20px||false|false\u00a0\u00bb global_colors_info=\u00a0\u00bb{}\u00a0\u00bb][\/et_pb_image][et_pb_text _builder_version=\u00a0\u00bb4.27.0&Prime; _module_preset=\u00a0\u00bb_initial\u00a0\u00bb header_4_font=\u00a0\u00bbJosefin Sans|700|||||||\u00a0\u00bb header_4_text_color=\u00a0\u00bb#FFFFFF\u00a0\u00bb header_4_font_size=\u00a0\u00bb24px\u00a0\u00bb header_4_line_height=\u00a0\u00bb1.4em\u00a0\u00bb custom_margin=\u00a0\u00bb||0px||false|false\u00a0\u00bb header_4_font_size_tablet=\u00a0\u00bb16px\u00a0\u00bb header_4_font_size_phone=\u00a0\u00bb20px\u00a0\u00bb header_4_font_size_last_edited=\u00a0\u00bbon|desktop\u00a0\u00bb global_colors_info=\u00a0\u00bb{}\u00a0\u00bb]<\/p>\n<h4>La Philosophie de la Ferme<\/h4>\n<p>[\/et_pb_text][et_pb_text _builder_version=\u00a0\u00bb4.27.0&Prime; _module_preset=\u00a0\u00bb_initial\u00a0\u00bb text_text_color=\u00a0\u00bb#FFFFFF\u00a0\u00bb text_line_height=\u00a0\u00bb1.6em\u00a0\u00bb custom_margin=\u00a0\u00bb||20px||false|false\u00a0\u00bb global_colors_info=\u00a0\u00bb{}\u00a0\u00bb]<\/p>\n<p>Nous pratiquons une agriculture raisonn\u00e9e, respectueuse de la nature pour pr\u00e9server la biodiversit\u00e9 et produire des aliments de qualit\u00e9.<\/p>\n<p>[\/et_pb_text][\/et_pb_column][et_pb_column type=\u00a0\u00bb1_3&Prime; _builder_version=\u00a0\u00bb4.27.0&Prime; _module_preset=\u00a0\u00bbdefault\u00a0\u00bb background_color=\u00a0\u00bb#f2f2f2&Prime; custom_padding=\u00a0\u00bb30px|30px|30px|30px|true|true\u00a0\u00bb custom_padding_tablet=\u00a0\u00bb30px|30px|30px|30px|true|true\u00a0\u00bb custom_padding_phone=\u00a0\u00bb20px|20px|20px|20px|true|true\u00a0\u00bb custom_padding_last_edited=\u00a0\u00bbon|desktop\u00a0\u00bb global_colors_info=\u00a0\u00bb{}\u00a0\u00bb transform_styles__hover_enabled=\u00a0\u00bbon|hover\u00a0\u00bb transform_scale__hover_enabled=\u00a0\u00bbon|hover\u00a0\u00bb transform_translate__hover_enabled=\u00a0\u00bbon|desktop\u00a0\u00bb transform_rotate__hover_enabled=\u00a0\u00bbon|desktop\u00a0\u00bb transform_skew__hover_enabled=\u00a0\u00bbon|desktop\u00a0\u00bb transform_origin__hover_enabled=\u00a0\u00bbon|desktop\u00a0\u00bb transform_scale__hover=\u00a0\u00bb105%|105%\u00a0\u00bb][et_pb_image src=\u00a0\u00bbhttp:\/\/lafermedelalmanarre.com\/wp-content\/uploads\/2024\/10\/organic-farming-icon-07-1.png\u00a0\u00bb title_text=\u00a0\u00bborganic-farming-icon-07-1&Prime; _builder_version=\u00a0\u00bb4.27.2&Prime; _module_preset=\u00a0\u00bbdefault\u00a0\u00bb max_width=\u00a0\u00bb64px\u00a0\u00bb max_height=\u00a0\u00bb64px\u00a0\u00bb custom_margin=\u00a0\u00bb||20px||false|false\u00a0\u00bb filter_brightness=\u00a0\u00bb160%\u00a0\u00bb filter_sepia=\u00a0\u00bb100%\u00a0\u00bb global_colors_info=\u00a0\u00bb{}\u00a0\u00bb][\/et_pb_image][et_pb_text _builder_version=\u00a0\u00bb4.27.0&Prime; _module_preset=\u00a0\u00bb_initial\u00a0\u00bb header_4_font=\u00a0\u00bbJosefin Sans|700|||||||\u00a0\u00bb header_4_font_size=\u00a0\u00bb24px\u00a0\u00bb header_4_line_height=\u00a0\u00bb1.4em\u00a0\u00bb custom_margin=\u00a0\u00bb||0px||false|false\u00a0\u00bb header_4_font_size_tablet=\u00a0\u00bb16px\u00a0\u00bb header_4_font_size_phone=\u00a0\u00bb20px\u00a0\u00bb header_4_font_size_last_edited=\u00a0\u00bbon|desktop\u00a0\u00bb global_colors_info=\u00a0\u00bb{}\u00a0\u00bb]<\/p>\n<h4>Les Produits de la Ferme<\/h4>\n<p>[\/et_pb_text][et_pb_text _builder_version=\u00a0\u00bb4.27.0&Prime; _module_preset=\u00a0\u00bb_initial\u00a0\u00bb text_line_height=\u00a0\u00bb1.6em\u00a0\u00bb custom_margin=\u00a0\u00bb||20px||false|false\u00a0\u00bb global_colors_info=\u00a0\u00bb{}\u00a0\u00bb]<\/p>\n<p>Nous offrons une vari\u00e9t\u00e9 de fruits, l\u00e9gumes, fleurs coup\u00e9es et produits maison, cultiv\u00e9s avec soin et dans le respect des principes durables.<\/p>\n<p>[\/et_pb_text][\/et_pb_column][et_pb_column type=\u00a0\u00bb1_3&Prime; _builder_version=\u00a0\u00bb4.27.0&Prime; _module_preset=\u00a0\u00bbdefault\u00a0\u00bb background_color=\u00a0\u00bb#000000&Prime; custom_padding=\u00a0\u00bb30px|30px|30px|30px|true|true\u00a0\u00bb custom_padding_tablet=\u00a0\u00bb30px|30px|30px|30px|true|true\u00a0\u00bb custom_padding_phone=\u00a0\u00bb20px|20px|20px|20px|true|true\u00a0\u00bb custom_padding_last_edited=\u00a0\u00bbon|desktop\u00a0\u00bb global_colors_info=\u00a0\u00bb{}\u00a0\u00bb transform_styles__hover_enabled=\u00a0\u00bbon|hover\u00a0\u00bb transform_scale__hover_enabled=\u00a0\u00bbon|hover\u00a0\u00bb transform_translate__hover_enabled=\u00a0\u00bbon|desktop\u00a0\u00bb transform_rotate__hover_enabled=\u00a0\u00bbon|desktop\u00a0\u00bb transform_skew__hover_enabled=\u00a0\u00bbon|desktop\u00a0\u00bb transform_origin__hover_enabled=\u00a0\u00bbon|desktop\u00a0\u00bb transform_scale__hover=\u00a0\u00bb105%|105%\u00a0\u00bb][et_pb_image src=\u00a0\u00bbhttp:\/\/lafermedelalmanarre.com\/wp-content\/uploads\/2024\/10\/organic-farming-icon-08-1.png\u00a0\u00bb title_text=\u00a0\u00bborganic-farming-icon-08-1&Prime; _builder_version=\u00a0\u00bb4.27.2&Prime; _module_preset=\u00a0\u00bbdefault\u00a0\u00bb max_width=\u00a0\u00bb64px\u00a0\u00bb max_height=\u00a0\u00bb64px\u00a0\u00bb custom_margin=\u00a0\u00bb||20px||false|false\u00a0\u00bb filter_brightness=\u00a0\u00bb160%\u00a0\u00bb filter_sepia=\u00a0\u00bb100%\u00a0\u00bb global_colors_info=\u00a0\u00bb{}\u00a0\u00bb][\/et_pb_image][et_pb_text _builder_version=\u00a0\u00bb4.27.0&Prime; _module_preset=\u00a0\u00bb_initial\u00a0\u00bb header_4_font=\u00a0\u00bbJosefin Sans|700|||||||\u00a0\u00bb header_4_text_color=\u00a0\u00bb#FFFFFF\u00a0\u00bb header_4_font_size=\u00a0\u00bb24px\u00a0\u00bb header_4_line_height=\u00a0\u00bb1.4em\u00a0\u00bb custom_margin=\u00a0\u00bb||0px||false|false\u00a0\u00bb header_4_font_size_tablet=\u00a0\u00bb16px\u00a0\u00bb header_4_font_size_phone=\u00a0\u00bb20px\u00a0\u00bb header_4_font_size_last_edited=\u00a0\u00bbon|desktop\u00a0\u00bb global_colors_info=\u00a0\u00bb{}\u00a0\u00bb]<\/p>\n<h4>L&rsquo;Exp\u00e9rience Client<\/h4>\n<p>[\/et_pb_text][et_pb_text _builder_version=\u00a0\u00bb4.27.0&Prime; _module_preset=\u00a0\u00bb_initial\u00a0\u00bb text_text_color=\u00a0\u00bb#FFFFFF\u00a0\u00bb text_line_height=\u00a0\u00bb1.6em\u00a0\u00bb custom_margin=\u00a0\u00bb||20px||false|false\u00a0\u00bb global_colors_info=\u00a0\u00bb{}\u00a0\u00bb]<\/p>\n<p>Nous vous proposons une exp\u00e9rience personnalis\u00e9e, avec des produits frais, locaux, et la possibilit\u00e9 de commander des paniers compos\u00e9s livr\u00e9s chez vous.<\/p>\n<p>[\/et_pb_text][\/et_pb_column][\/et_pb_row][\/et_pb_section][et_pb_section fb_built=\u00a0\u00bb1&Prime; admin_label=\u00a0\u00bbSubscribe\u00a0\u00bb module_id=\u00a0\u00bbancre2&Prime; module_class=\u00a0\u00bbancre2&Prime; _builder_version=\u00a0\u00bb4.27.0&Prime; _module_preset=\u00a0\u00bbdefault\u00a0\u00bb use_background_color_gradient=\u00a0\u00bbon\u00a0\u00bb background_color_gradient_stops=\u00a0\u00bbrgba(255,255,255,0) 70%|gcid-0a70bcaa-1736-40e0-9723-4fb88b8b6694 70%\u00a0\u00bb saved_tabs=\u00a0\u00bball\u00a0\u00bb collapsed=\u00a0\u00bbon\u00a0\u00bb global_colors_info=\u00a0\u00bb{%22gcid-0a70bcaa-1736-40e0-9723-4fb88b8b6694%22:%91%22background_color_gradient_stops%22%93}\u00a0\u00bb][et_pb_row _builder_version=\u00a0\u00bb4.24.2&Prime; _module_preset=\u00a0\u00bbdefault\u00a0\u00bb custom_padding=\u00a0\u00bb||0px||false|false\u00a0\u00bb global_colors_info=\u00a0\u00bb{}\u00a0\u00bb][et_pb_column type=\u00a0\u00bb4_4&Prime; _builder_version=\u00a0\u00bb4.24.2&Prime; _module_preset=\u00a0\u00bbdefault\u00a0\u00bb global_colors_info=\u00a0\u00bb{}\u00a0\u00bb][et_pb_image src=\u00a0\u00bbhttp:\/\/lafermedelalmanarre.com\/wp-content\/uploads\/2024\/10\/organic-farming-illustrations-02.png\u00a0\u00bb title_text=\u00a0\u00bborganic-farming-illustrations-02&Prime; align=\u00a0\u00bbcenter\u00a0\u00bb _builder_version=\u00a0\u00bb4.24.2&Prime; _module_preset=\u00a0\u00bbdefault\u00a0\u00bb max_width=\u00a0\u00bb760px\u00a0\u00bb module_alignment=\u00a0\u00bbcenter\u00a0\u00bb global_colors_info=\u00a0\u00bb{}\u00a0\u00bb][\/et_pb_image][\/et_pb_column][\/et_pb_row][et_pb_row column_structure=\u00a0\u00bb1_2,1_2&Prime; custom_padding_last_edited=\u00a0\u00bbon|desktop\u00a0\u00bb _builder_version=\u00a0\u00bb4.27.2&Prime; _module_preset=\u00a0\u00bbdefault\u00a0\u00bb background_color=\u00a0\u00bb#FFCC00&Prime; custom_padding=\u00a0\u00bb60px|60px|60px|60px|true|true\u00a0\u00bb custom_padding_tablet=\u00a0\u00bb30px|30px|30px|30px|true|true\u00a0\u00bb custom_padding_phone=\u00a0\u00bb20px|20px|20px|20px|true|true\u00a0\u00bb global_colors_info=\u00a0\u00bb{}\u00a0\u00bb][et_pb_column type=\u00a0\u00bb1_2&Prime; _builder_version=\u00a0\u00bb4.23.2&Prime; _module_preset=\u00a0\u00bbdefault\u00a0\u00bb global_colors_info=\u00a0\u00bb{}\u00a0\u00bb][et_pb_text _builder_version=\u00a0\u00bb4.27.2&Prime; _module_preset=\u00a0\u00bbdefault\u00a0\u00bb header_2_font=\u00a0\u00bbJosefin Sans|700|||||||\u00a0\u00bb header_2_text_color=\u00a0\u00bb#05433B\u00a0\u00bb header_2_font_size=\u00a0\u00bb52px\u00a0\u00bb header_2_line_height=\u00a0\u00bb1.2em\u00a0\u00bb custom_margin=\u00a0\u00bb||10px||false|false\u00a0\u00bb header_2_font_size_tablet=\u00a0\u00bb32px\u00a0\u00bb header_2_font_size_phone=\u00a0\u00bb25px\u00a0\u00bb header_2_font_size_last_edited=\u00a0\u00bbon|desktop\u00a0\u00bb global_colors_info=\u00a0\u00bb{}\u00a0\u00bb]<\/p>\n<h2>Nous contacter<\/h2>\n<p>[\/et_pb_text][et_pb_text _builder_version=\u00a0\u00bb4.27.2&Prime; _module_preset=\u00a0\u00bbdefault\u00a0\u00bb text_text_color=\u00a0\u00bb#05433B\u00a0\u00bb text_font_size=\u00a0\u00bb16px\u00a0\u00bb text_line_height=\u00a0\u00bb1.8em\u00a0\u00bb text_font_size_tablet=\u00a0\u00bb15px\u00a0\u00bb text_font_size_phone=\u00a0\u00bb14px\u00a0\u00bb text_font_size_last_edited=\u00a0\u00bbon|desktop\u00a0\u00bb locked=\u00a0\u00bboff\u00a0\u00bb global_colors_info=\u00a0\u00bb{}\u00a0\u00bb]<\/p>\n<p>Contactez-nous ! Nous sommes \u00e0 votre disposition pour r\u00e9pondre \u00e0 vos besoins et vous faire d\u00e9couvrir nos produits bio.<\/p>\n<p>[\/et_pb_text][et_pb_text _builder_version=\u00a0\u00bb4.27.2&Prime; _module_preset=\u00a0\u00bbdefault\u00a0\u00bb text_text_color=\u00a0\u00bb#05433B\u00a0\u00bb text_font_size=\u00a0\u00bb16px\u00a0\u00bb text_line_height=\u00a0\u00bb1.8em\u00a0\u00bb header_text_color=\u00a0\u00bb#05433B\u00a0\u00bb text_font_size_tablet=\u00a0\u00bb15px\u00a0\u00bb text_font_size_phone=\u00a0\u00bb13px\u00a0\u00bb text_font_size_last_edited=\u00a0\u00bbon|desktop\u00a0\u00bb header_font_size_tablet=\u00a0\u00bb\u00a0\u00bb header_font_size_phone=\u00a0\u00bb30px\u00a0\u00bb header_font_size_last_edited=\u00a0\u00bbon|phone\u00a0\u00bb locked=\u00a0\u00bboff\u00a0\u00bb global_colors_info=\u00a0\u00bb{}\u00a0\u00bb]<\/p>\n<p>Adresse Mail :<span style=\"color: #003300;\"> <strong><a href=\"mailto:laferme.almanarre@outlook.fr\" style=\"color: #003300;\">laferme.almanarre@outlook.fr<\/a><\/strong><\/span><\/p>\n<p>[\/et_pb_text][et_pb_text _builder_version=\u00a0\u00bb4.27.2&Prime; _module_preset=\u00a0\u00bbdefault\u00a0\u00bb text_text_color=\u00a0\u00bb#05433B\u00a0\u00bb text_font_size=\u00a0\u00bb16px\u00a0\u00bb text_line_height=\u00a0\u00bb1.8em\u00a0\u00bb text_font_size_tablet=\u00a0\u00bb15px\u00a0\u00bb text_font_size_phone=\u00a0\u00bb14px\u00a0\u00bb text_font_size_last_edited=\u00a0\u00bbon|desktop\u00a0\u00bb locked=\u00a0\u00bboff\u00a0\u00bb global_colors_info=\u00a0\u00bb{}\u00a0\u00bb]<\/p>\n<p>T\u00e9l\u00e9phone :<span style=\"color: #003300;\"> <strong><a data-dtype=\"d3ph\" data-local-attribute=\"d3ph\" jscontroller=\"LWZElb\" href=\"https:\/\/www.google.com\/search?q=ferme+de+l%27almanarre&amp;oq=ferme&amp;gs_lcrp=EgZjaHJvbWUqDggAEEUYJxg7GIAEGIoFMg4IABBFGCcYOxiABBiKBTIOCAEQRRgnGDkYgAQYigUyBggCEEUYQDINCAMQABiSAxiABBi4BDINCAQQABiSAxiABBiKBTIGCAUQRRg8MgYIBhBFGDwyBggHEEUYPNIBBzg2MWowajeoAgCwAgA&amp;sourceid=chrome&amp;ie=UTF-8#\" jsdata=\"QKGTRc;_;BrjURo\" jsaction=\"rcuQ6b:npT2md;F75qrd\" data-ved=\"2ahUKEwjIi7j7i-2IAxXsW_EDHflEDY8QkAgoAHoECDEQAg\" style=\"color: #003300;\"><span aria-label=\"Appeler le 06 49 23 15 11\">06 49 23 15 11<\/span><\/a><\/strong><\/span><\/p>\n<p>[\/et_pb_text][\/et_pb_column][et_pb_column type=\u00a0\u00bb1_2&Prime; _builder_version=\u00a0\u00bb4.23.2&Prime; _module_preset=\u00a0\u00bbdefault\u00a0\u00bb global_colors_info=\u00a0\u00bb{}\u00a0\u00bb][et_pb_contact_form use_spam_service=\u00a0\u00bbon\u00a0\u00bb recaptcha_list=\u00a0\u00bbferme de l&rsquo;almanarre|ferme de l&rsquo;almanarre-0&Prime; email=\u00a0\u00bbjulienselosse59@gmail.com\u00a0\u00bb success_message=\u00a0\u00bbMerci de nous avoir contact\u00e9s ! Votre message a bien \u00e9t\u00e9 envoy\u00e9 et nous vous r\u00e9pondrons dans les plus brefs d\u00e9lais. Si votre demande n\u00e9cessite une attention imm\u00e9diate, n&rsquo;h\u00e9sitez pas \u00e0 nous appeler. \u00c0 tr\u00e8s bient\u00f4t !\u00a0\u00bb submit_button_text=\u00a0\u00bbEnvoi\u00a0\u00bb _builder_version=\u00a0\u00bb4.27.0&Prime; _module_preset=\u00a0\u00bbdefault\u00a0\u00bb _unique_id=\u00a0\u00bb5b612f71-79d0-4054-bc44-a943e5040b55&Prime; custom_button=\u00a0\u00bbon\u00a0\u00bb button_text_size=\u00a0\u00bb14px\u00a0\u00bb button_text_color=\u00a0\u00bb#FFFFFF\u00a0\u00bb button_bg_color=\u00a0\u00bb#00463b\u00a0\u00bb button_border_width=\u00a0\u00bb0px\u00a0\u00bb button_border_radius=\u00a0\u00bb50px\u00a0\u00bb button_letter_spacing=\u00a0\u00bb0.12em\u00a0\u00bb button_font=\u00a0\u00bbJosefin Sans|700||on|||||\u00a0\u00bb global_colors_info=\u00a0\u00bb{}\u00a0\u00bb][et_pb_contact_field field_id=\u00a0\u00bbNom\u00a0\u00bb field_title=\u00a0\u00bbNom\u00a0\u00bb allowed_symbols=\u00a0\u00bbletters\u00a0\u00bb fullwidth_field=\u00a0\u00bbon\u00a0\u00bb _builder_version=\u00a0\u00bb4.27.0&Prime; global_colors_info=\u00a0\u00bb{}\u00a0\u00bb button_text_size__hover_enabled=\u00a0\u00bboff\u00a0\u00bb button_one_text_size__hover_enabled=\u00a0\u00bboff\u00a0\u00bb button_two_text_size__hover_enabled=\u00a0\u00bboff\u00a0\u00bb button_text_color__hover_enabled=\u00a0\u00bboff\u00a0\u00bb button_one_text_color__hover_enabled=\u00a0\u00bboff\u00a0\u00bb button_two_text_color__hover_enabled=\u00a0\u00bboff\u00a0\u00bb button_border_width__hover_enabled=\u00a0\u00bboff\u00a0\u00bb button_one_border_width__hover_enabled=\u00a0\u00bboff\u00a0\u00bb button_two_border_width__hover_enabled=\u00a0\u00bboff\u00a0\u00bb button_border_color__hover_enabled=\u00a0\u00bboff\u00a0\u00bb button_one_border_color__hover_enabled=\u00a0\u00bboff\u00a0\u00bb button_two_border_color__hover_enabled=\u00a0\u00bboff\u00a0\u00bb button_border_radius__hover_enabled=\u00a0\u00bboff\u00a0\u00bb button_one_border_radius__hover_enabled=\u00a0\u00bboff\u00a0\u00bb button_two_border_radius__hover_enabled=\u00a0\u00bboff\u00a0\u00bb button_letter_spacing__hover_enabled=\u00a0\u00bboff\u00a0\u00bb button_one_letter_spacing__hover_enabled=\u00a0\u00bboff\u00a0\u00bb button_two_letter_spacing__hover_enabled=\u00a0\u00bboff\u00a0\u00bb button_bg_color__hover_enabled=\u00a0\u00bboff\u00a0\u00bb button_one_bg_color__hover_enabled=\u00a0\u00bboff\u00a0\u00bb button_two_bg_color__hover_enabled=\u00a0\u00bboff\u00a0\u00bb][\/et_pb_contact_field][et_pb_contact_field field_id=\u00a0\u00bbT\u00e9l\u00e9phone\u00a0\u00bb field_title=\u00a0\u00bbT\u00e9l\u00e9phone\u00a0\u00bb min_length=\u00a0\u00bb10&Prime; max_length=\u00a0\u00bb10&Prime; allowed_symbols=\u00a0\u00bbnumbers\u00a0\u00bb fullwidth_field=\u00a0\u00bbon\u00a0\u00bb _builder_version=\u00a0\u00bb4.27.0&Prime; _module_preset=\u00a0\u00bbdefault\u00a0\u00bb global_colors_info=\u00a0\u00bb{}\u00a0\u00bb][\/et_pb_contact_field][et_pb_contact_field field_id=\u00a0\u00bbEmail\u00a0\u00bb field_title=\u00a0\u00bbAdresse e-mail\u00a0\u00bb field_type=\u00a0\u00bbemail\u00a0\u00bb fullwidth_field=\u00a0\u00bbon\u00a0\u00bb _builder_version=\u00a0\u00bb4.27.0&Prime; global_colors_info=\u00a0\u00bb{}\u00a0\u00bb button_text_size__hover_enabled=\u00a0\u00bboff\u00a0\u00bb button_one_text_size__hover_enabled=\u00a0\u00bboff\u00a0\u00bb button_two_text_size__hover_enabled=\u00a0\u00bboff\u00a0\u00bb button_text_color__hover_enabled=\u00a0\u00bboff\u00a0\u00bb button_one_text_color__hover_enabled=\u00a0\u00bboff\u00a0\u00bb button_two_text_color__hover_enabled=\u00a0\u00bboff\u00a0\u00bb button_border_width__hover_enabled=\u00a0\u00bboff\u00a0\u00bb button_one_border_width__hover_enabled=\u00a0\u00bboff\u00a0\u00bb button_two_border_width__hover_enabled=\u00a0\u00bboff\u00a0\u00bb button_border_color__hover_enabled=\u00a0\u00bboff\u00a0\u00bb button_one_border_color__hover_enabled=\u00a0\u00bboff\u00a0\u00bb button_two_border_color__hover_enabled=\u00a0\u00bboff\u00a0\u00bb button_border_radius__hover_enabled=\u00a0\u00bboff\u00a0\u00bb button_one_border_radius__hover_enabled=\u00a0\u00bboff\u00a0\u00bb button_two_border_radius__hover_enabled=\u00a0\u00bboff\u00a0\u00bb button_letter_spacing__hover_enabled=\u00a0\u00bboff\u00a0\u00bb button_one_letter_spacing__hover_enabled=\u00a0\u00bboff\u00a0\u00bb button_two_letter_spacing__hover_enabled=\u00a0\u00bboff\u00a0\u00bb button_bg_color__hover_enabled=\u00a0\u00bboff\u00a0\u00bb button_one_bg_color__hover_enabled=\u00a0\u00bboff\u00a0\u00bb button_two_bg_color__hover_enabled=\u00a0\u00bboff\u00a0\u00bb][\/et_pb_contact_field][et_pb_contact_field field_id=\u00a0\u00bbMessage\u00a0\u00bb field_title=\u00a0\u00bbMessage\u00a0\u00bb field_type=\u00a0\u00bbtext\u00a0\u00bb fullwidth_field=\u00a0\u00bbon\u00a0\u00bb _builder_version=\u00a0\u00bb4.27.0&Prime; global_colors_info=\u00a0\u00bb{}\u00a0\u00bb button_text_size__hover_enabled=\u00a0\u00bboff\u00a0\u00bb button_one_text_size__hover_enabled=\u00a0\u00bboff\u00a0\u00bb button_two_text_size__hover_enabled=\u00a0\u00bboff\u00a0\u00bb button_text_color__hover_enabled=\u00a0\u00bboff\u00a0\u00bb button_one_text_color__hover_enabled=\u00a0\u00bboff\u00a0\u00bb button_two_text_color__hover_enabled=\u00a0\u00bboff\u00a0\u00bb button_border_width__hover_enabled=\u00a0\u00bboff\u00a0\u00bb button_one_border_width__hover_enabled=\u00a0\u00bboff\u00a0\u00bb button_two_border_width__hover_enabled=\u00a0\u00bboff\u00a0\u00bb button_border_color__hover_enabled=\u00a0\u00bboff\u00a0\u00bb button_one_border_color__hover_enabled=\u00a0\u00bboff\u00a0\u00bb button_two_border_color__hover_enabled=\u00a0\u00bboff\u00a0\u00bb button_border_radius__hover_enabled=\u00a0\u00bboff\u00a0\u00bb button_one_border_radius__hover_enabled=\u00a0\u00bboff\u00a0\u00bb button_two_border_radius__hover_enabled=\u00a0\u00bboff\u00a0\u00bb button_letter_spacing__hover_enabled=\u00a0\u00bboff\u00a0\u00bb button_one_letter_spacing__hover_enabled=\u00a0\u00bboff\u00a0\u00bb button_two_letter_spacing__hover_enabled=\u00a0\u00bboff\u00a0\u00bb button_bg_color__hover_enabled=\u00a0\u00bboff\u00a0\u00bb button_one_bg_color__hover_enabled=\u00a0\u00bboff\u00a0\u00bb button_two_bg_color__hover_enabled=\u00a0\u00bboff\u00a0\u00bb][\/et_pb_contact_field][\/et_pb_contact_form][\/et_pb_column][\/et_pb_row][\/et_pb_section][et_pb_section fb_built=\u00a0\u00bb1&Prime; admin_label=\u00a0\u00bbFooter\u00a0\u00bb _builder_version=\u00a0\u00bb4.24.2&Prime; _module_preset=\u00a0\u00bbdefault\u00a0\u00bb background_color=\u00a0\u00bbgcid-0a70bcaa-1736-40e0-9723-4fb88b8b6694&Prime; custom_padding=\u00a0\u00bb||2px|||\u00a0\u00bb saved_tabs=\u00a0\u00bball\u00a0\u00bb collapsed=\u00a0\u00bbon\u00a0\u00bb global_colors_info=\u00a0\u00bb{%22gcid-0a70bcaa-1736-40e0-9723-4fb88b8b6694%22:%91%22background_color%22%93}\u00a0\u00bb][et_pb_row column_structure=\u00a0\u00bb1_2,1_4,1_4&Prime; _builder_version=\u00a0\u00bb4.27.2&Prime; _module_preset=\u00a0\u00bbdefault\u00a0\u00bb global_colors_info=\u00a0\u00bb{}\u00a0\u00bb][et_pb_column type=\u00a0\u00bb1_2&Prime; _builder_version=\u00a0\u00bb4.23.2&Prime; _module_preset=\u00a0\u00bbdefault\u00a0\u00bb global_colors_info=\u00a0\u00bb{}\u00a0\u00bb][et_pb_text _builder_version=\u00a0\u00bb4.27.0&Prime; _module_preset=\u00a0\u00bbdefault\u00a0\u00bb header_4_font=\u00a0\u00bbJosefin Sans|700|||||||\u00a0\u00bb header_4_text_color=\u00a0\u00bb#FFFFFF\u00a0\u00bb header_4_font_size=\u00a0\u00bb24px\u00a0\u00bb header_4_line_height=\u00a0\u00bb1.4em\u00a0\u00bb custom_margin=\u00a0\u00bb||0px||false|false\u00a0\u00bb header_4_font_size_tablet=\u00a0\u00bb16px\u00a0\u00bb header_4_font_size_phone=\u00a0\u00bb15px\u00a0\u00bb header_4_font_size_last_edited=\u00a0\u00bbon|desktop\u00a0\u00bb global_colors_info=\u00a0\u00bb{}\u00a0\u00bb]<\/p>\n<h4>Ferme de l&rsquo;almanarre<\/h4>\n<p>[\/et_pb_text][et_pb_text _builder_version=\u00a0\u00bb4.27.0&Prime; _module_preset=\u00a0\u00bbdefault\u00a0\u00bb text_text_color=\u00a0\u00bb#FFFFFF\u00a0\u00bb text_font_size=\u00a0\u00bb16px\u00a0\u00bb text_line_height=\u00a0\u00bb1.8em\u00a0\u00bb text_font_size_tablet=\u00a0\u00bb15px\u00a0\u00bb text_font_size_phone=\u00a0\u00bb14px\u00a0\u00bb text_font_size_last_edited=\u00a0\u00bbon|desktop\u00a0\u00bb global_colors_info=\u00a0\u00bb{}\u00a0\u00bb]<\/p>\n<p>\u00ab\u00a0Cultiver la terre avec respect, c&rsquo;est nourrir les g\u00e9n\u00e9rations de demain en harmonie avec la nature.\u00a0\u00bb<\/p>\n<p>[\/et_pb_text][et_pb_text _builder_version=\u00a0\u00bb4.27.2&Prime; _module_preset=\u00a0\u00bbdefault\u00a0\u00bb text_text_color=\u00a0\u00bb#FFFFFF\u00a0\u00bb text_font_size=\u00a0\u00bb16px\u00a0\u00bb text_line_height=\u00a0\u00bb1.8em\u00a0\u00bb text_font_size_tablet=\u00a0\u00bb15px\u00a0\u00bb text_font_size_phone=\u00a0\u00bb14px\u00a0\u00bb text_font_size_last_edited=\u00a0\u00bbon|desktop\u00a0\u00bb global_colors_info=\u00a0\u00bb{}\u00a0\u00bb]<\/p>\n<p>R\u00e9alis\u00e9 par <span style=\"text-decoration: underline;\"><span style=\"color: #ffffff;\"><a href=\"https:\/\/juliensls.com\/\" target=\"_blank\" rel=\"noopener\" style=\"color: #ffffff;\"><strong>juliensls.com<\/strong><\/a><\/span><\/span><\/p>\n<p>[\/et_pb_text][et_pb_social_media_follow _builder_version=\u00a0\u00bb4.27.2&Prime; _module_preset=\u00a0\u00bbdefault\u00a0\u00bb custom_margin=\u00a0\u00bb|-8px||-8px|false|true\u00a0\u00bb global_colors_info=\u00a0\u00bb{}\u00a0\u00bb][et_pb_social_media_follow_network social_network=\u00a0\u00bbfacebook\u00a0\u00bb url=\u00a0\u00bbhttps:\/\/www.facebook.com\/laferme.almanarre\/?locale=fr_FR\u00a0\u00bb _builder_version=\u00a0\u00bb4.27.2&Prime; _module_preset=\u00a0\u00bbdefault\u00a0\u00bb global_colors_info=\u00a0\u00bb{}\u00a0\u00bb follow_button=\u00a0\u00bboff\u00a0\u00bb url_new_window=\u00a0\u00bbon\u00a0\u00bb]facebook[\/et_pb_social_media_follow_network][et_pb_social_media_follow_network social_network=\u00a0\u00bbinstagram\u00a0\u00bb url=\u00a0\u00bbhttps:\/\/www.instagram.com\/laferme_almanarre\/?hl=fr\u00a0\u00bb _builder_version=\u00a0\u00bb4.27.2&Prime; _module_preset=\u00a0\u00bbdefault\u00a0\u00bb background_enable_color=\u00a0\u00bboff\u00a0\u00bb global_colors_info=\u00a0\u00bb{}\u00a0\u00bb follow_button=\u00a0\u00bboff\u00a0\u00bb url_new_window=\u00a0\u00bbon\u00a0\u00bb]instagram[\/et_pb_social_media_follow_network][\/et_pb_social_media_follow][\/et_pb_column][et_pb_column type=\u00a0\u00bb1_4&Prime; _builder_version=\u00a0\u00bb4.23.2&Prime; _module_preset=\u00a0\u00bbdefault\u00a0\u00bb global_colors_info=\u00a0\u00bb{}\u00a0\u00bb][et_pb_text _builder_version=\u00a0\u00bb4.24.2&Prime; _module_preset=\u00a0\u00bbdefault\u00a0\u00bb header_5_font=\u00a0\u00bbJosefin Sans|700|||||||\u00a0\u00bb header_5_text_color=\u00a0\u00bb#FFFFFF\u00a0\u00bb header_5_font_size=\u00a0\u00bb20px\u00a0\u00bb header_5_line_height=\u00a0\u00bb1.4em\u00a0\u00bb custom_margin=\u00a0\u00bb||0px||false|false\u00a0\u00bb header_5_font_size_tablet=\u00a0\u00bb16px\u00a0\u00bb header_5_font_size_phone=\u00a0\u00bb14px\u00a0\u00bb header_5_font_size_last_edited=\u00a0\u00bbon|desktop\u00a0\u00bb global_colors_info=\u00a0\u00bb{}\u00a0\u00bb]<\/p>\n<h5>Services<\/h5>\n<p>[\/et_pb_text][et_pb_text _builder_version=\u00a0\u00bb4.27.2&Prime; _module_preset=\u00a0\u00bbdefault\u00a0\u00bb text_text_color=\u00a0\u00bb#FFFFFF\u00a0\u00bb text_line_height=\u00a0\u00bb1.6em\u00a0\u00bb link_text_color=\u00a0\u00bb#FFFFFF\u00a0\u00bb custom_margin=\u00a0\u00bb||10px||false|false\u00a0\u00bb global_colors_info=\u00a0\u00bb{}\u00a0\u00bb]<\/p>\n<p><a href=\"https:\/\/lafermedelalmanarre.com\/\">Obtenir ma Box<\/a><\/p>\n<p>[\/et_pb_text][et_pb_text _builder_version=\u00a0\u00bb4.27.2&Prime; _module_preset=\u00a0\u00bbdefault\u00a0\u00bb text_text_color=\u00a0\u00bb#FFFFFF\u00a0\u00bb text_line_height=\u00a0\u00bb1.6em\u00a0\u00bb link_text_color=\u00a0\u00bb#FFFFFF\u00a0\u00bb custom_margin=\u00a0\u00bb||10px||false|false\u00a0\u00bb global_colors_info=\u00a0\u00bb{}\u00a0\u00bb]<\/p>\n<p><a href=\"https:\/\/lafermedelalmanarre.com\/index.php\/nos-produits\/\">Nos Produits<\/a><\/p>\n<p>[\/et_pb_text][et_pb_text _builder_version=\u00a0\u00bb4.27.2&Prime; _module_preset=\u00a0\u00bbdefault\u00a0\u00bb text_text_color=\u00a0\u00bb#FFFFFF\u00a0\u00bb text_line_height=\u00a0\u00bb1.6em\u00a0\u00bb link_text_color=\u00a0\u00bb#FFFFFF\u00a0\u00bb custom_margin=\u00a0\u00bb||10px||false|false\u00a0\u00bb global_colors_info=\u00a0\u00bb{}\u00a0\u00bb]<\/p>\n<p><a href=\"https:\/\/lafermedelalmanarre.com\/index.php\/aproposdenous\/\">A Propos de Nous<\/a><\/p>\n<p>[\/et_pb_text][et_pb_text _builder_version=\u00a0\u00bb4.27.3&Prime; _module_preset=\u00a0\u00bbdefault\u00a0\u00bb text_text_color=\u00a0\u00bb#FFFFFF\u00a0\u00bb text_line_height=\u00a0\u00bb1.6em\u00a0\u00bb link_text_color=\u00a0\u00bb#FFFFFF\u00a0\u00bb custom_margin=\u00a0\u00bb||10px||false|false\u00a0\u00bb locked=\u00a0\u00bboff\u00a0\u00bb global_colors_info=\u00a0\u00bb{}\u00a0\u00bb]<\/p>\n<p><a href=\"https:\/\/lafermedelalmanarre.com\/index.php\/remboursements_retours\/\">CGV<\/a><\/p>\n<p>[\/et_pb_text][\/et_pb_column][et_pb_column type=\u00a0\u00bb1_4&Prime; _builder_version=\u00a0\u00bb4.23.2&Prime; _module_preset=\u00a0\u00bbdefault\u00a0\u00bb global_colors_info=\u00a0\u00bb{}\u00a0\u00bb][et_pb_text _builder_version=\u00a0\u00bb4.24.2&Prime; _module_preset=\u00a0\u00bbdefault\u00a0\u00bb header_5_font=\u00a0\u00bbJosefin Sans|700|||||||\u00a0\u00bb header_5_text_color=\u00a0\u00bb#FFFFFF\u00a0\u00bb header_5_font_size=\u00a0\u00bb20px\u00a0\u00bb header_5_line_height=\u00a0\u00bb1.4em\u00a0\u00bb custom_margin=\u00a0\u00bb||0px||false|false\u00a0\u00bb header_5_font_size_tablet=\u00a0\u00bb16px\u00a0\u00bb header_5_font_size_phone=\u00a0\u00bb14px\u00a0\u00bb header_5_font_size_last_edited=\u00a0\u00bbon|desktop\u00a0\u00bb global_colors_info=\u00a0\u00bb{}\u00a0\u00bb]<\/p>\n<h5>Contact<\/h5>\n<p>[\/et_pb_text][et_pb_text _builder_version=\u00a0\u00bb4.27.2&Prime; _module_preset=\u00a0\u00bbdefault\u00a0\u00bb text_text_color=\u00a0\u00bb#FFFFFF\u00a0\u00bb text_line_height=\u00a0\u00bb1.6em\u00a0\u00bb link_text_color=\u00a0\u00bb#FFFFFF\u00a0\u00bb custom_margin=\u00a0\u00bb||10px||false|false\u00a0\u00bb global_colors_info=\u00a0\u00bb{}\u00a0\u00bb]<\/p>\n<p><strong><a data-dtype=\"d3ph\" data-local-attribute=\"d3ph\" jscontroller=\"LWZElb\" href=\"tel:0649231511\" jsdata=\"QKGTRc;_;BrjURo\" jsaction=\"rcuQ6b:npT2md;F75qrd\" data-ved=\"2ahUKEwjIi7j7i-2IAxXsW_EDHflEDY8QkAgoAHoECDEQAg\"><span aria-label=\"Appeler le 06 49 23 15 11\">06 49 23 15 11<\/span><\/a><\/strong><\/p>\n<p>[\/et_pb_text][et_pb_text _builder_version=\u00a0\u00bb4.27.2&Prime; _module_preset=\u00a0\u00bbdefault\u00a0\u00bb text_text_color=\u00a0\u00bb#FFFFFF\u00a0\u00bb text_line_height=\u00a0\u00bb1.6em\u00a0\u00bb link_text_color=\u00a0\u00bb#FFFFFF\u00a0\u00bb custom_margin=\u00a0\u00bb||10px||false|false\u00a0\u00bb global_colors_info=\u00a0\u00bb{}\u00a0\u00bb]<\/p>\n<p><strong><span style=\"color: #ffffff;\"><a href=\"mailto:laferme.almanarre@outlook.fr\" style=\"color: #ffffff;\">laferme.almanarre@outlook.fr<\/a><\/span><\/strong><\/p>\n<p>[\/et_pb_text][et_pb_text _builder_version=\u00a0\u00bb4.27.2&Prime; _module_preset=\u00a0\u00bbdefault\u00a0\u00bb text_text_color=\u00a0\u00bb#FFFFFF\u00a0\u00bb text_line_height=\u00a0\u00bb1.6em\u00a0\u00bb link_text_color=\u00a0\u00bb#FFFFFF\u00a0\u00bb custom_margin=\u00a0\u00bb||10px||false|false\u00a0\u00bb global_colors_info=\u00a0\u00bb{}\u00a0\u00bb]<\/p>\n<p><a href=\"https:\/\/www.google.com\/maps\/dir\/?api=1&amp;destination=La+Ferme+de+l'Almanarre,+Hy\u00e8res\"><strong>2385 Route de l&rsquo;almanarre . 83400 Hy\u00e8res<\/strong><\/a><\/p>\n<p>[\/et_pb_text][\/et_pb_column][\/et_pb_row][et_pb_row _builder_version=\u00a0\u00bb4.25.0&Prime; _module_preset=\u00a0\u00bbdefault\u00a0\u00bb custom_margin=\u00a0\u00bb||||false|false\u00a0\u00bb custom_padding=\u00a0\u00bb20px||||false|false\u00a0\u00bb border_color_all=\u00a0\u00bbrgba(255,255,255,0.24)\u00a0\u00bb border_width_top=\u00a0\u00bb1px\u00a0\u00bb global_colors_info=\u00a0\u00bb{}\u00a0\u00bb][et_pb_column type=\u00a0\u00bb4_4&Prime; _builder_version=\u00a0\u00bb4.23.2&Prime; _module_preset=\u00a0\u00bbdefault\u00a0\u00bb global_colors_info=\u00a0\u00bb{}\u00a0\u00bb][et_pb_text _builder_version=\u00a0\u00bb4.27.0&Prime; _dynamic_attributes=\u00a0\u00bbcontent\u00a0\u00bb _module_preset=\u00a0\u00bbdefault\u00a0\u00bb text_text_color=\u00a0\u00bb#FFFFFF\u00a0\u00bb text_line_height=\u00a0\u00bb1.6em\u00a0\u00bb text_orientation=\u00a0\u00bbcenter\u00a0\u00bb global_colors_info=\u00a0\u00bb{}\u00a0\u00bb]@ET-DC@eyJkeW5hbWljIjp0cnVlLCJjb250ZW50IjoiY3VycmVudF9kYXRlIiwic2V0dGluZ3MiOnsiYmVmb3JlIjoiQ29weXJpZ2h0ICZjb3B5OyAiLCJhZnRlciI6IiBMYSBmZXJtZSBkZSBsJ2FsbWFuYXJyZSIsImRhdGVfZm9ybWF0IjoiTSBqLCBZIiwiY3VzdG9tX2RhdGVfZm9ybWF0IjoiWSJ9fQ==@[\/et_pb_text][\/et_pb_column][\/et_pb_row][\/et_pb_section]<\/p>\n","protected":false},"excerpt":{"rendered":"<p>A Propos De NousNotre Histoire et Nos Valeurs depuis 50 ansL\u2019Agriculture Raisonn\u00e9e\u00c0 La Ferme de l&rsquo;Almanarre, nous pratiquons une agriculture raisonn\u00e9e, respectueuse de la nature. Cela nous permet de vous offrir des produits de qualit\u00e9 tout en pr\u00e9servant l&rsquo;environnement et la biodiversit\u00e9.Depuis 3 G\u00e9n\u00e9rationsDepuis pr\u00e8s de 50 ans, La Ferme de l&rsquo;Almanarre est transmise de g\u00e9n\u00e9ration en g\u00e9n\u00e9ration. Cette continuit\u00e9 familiale garantit un savoir-faire unique, m\u00ealant tradition et innovation, avec un engagement constant pour la qualit\u00e9 et le respect de la nature.Qui je suis ?MYLENE HEREDIAJe m&rsquo;appelle Myl\u00e8ne Heredia, et je suis fi\u00e8re de repr\u00e9senter la troisi\u00e8me g\u00e9n\u00e9ration \u00e0 la t\u00eate de La Ferme de l&rsquo;Almanarre. Depuis toute petite, j&rsquo;ai grandi au milieu des champs, en apprenant le respect de la terre et l&rsquo;amour du travail bien fait. Aujourd&rsquo;hui, je perp\u00e9tue cet h\u00e9ritage familial avec passion, en cultivant nos produits selon les principes de l&rsquo;agriculture raisonn\u00e9e. Mon objectif est de vous offrir des produits de qualit\u00e9, frais et respectueux de la nature, comme ma famille l&rsquo;a toujours fait.La Philosophie de la FermeNous pratiquons une agriculture raisonn\u00e9e, respectueuse de la nature pour pr\u00e9server la biodiversit\u00e9 et produire des aliments de qualit\u00e9.Les Produits de la FermeNous offrons une vari\u00e9t\u00e9 de fruits, l\u00e9gumes, [&hellip;]<\/p>\n","protected":false},"author":1,"featured_media":0,"parent":0,"menu_order":0,"comment_status":"closed","ping_status":"closed","template":"","meta":{"_et_pb_use_builder":"on","_et_pb_old_content":"","_et_gb_content_width":"","footnotes":""},"class_list":["post-111","page","type-page","status-publish","hentry"],"yoast_head":"<!-- This site is optimized with the Yoast SEO plugin v27.3 - https:\/\/yoast.com\/product\/yoast-seo-wordpress\/ -->\n<title>aproposdenous - Ferme de l&#039;Almanarre<\/title>\n<meta name=\"robots\" content=\"index, follow, max-snippet:-1, max-image-preview:large, max-video-preview:-1\" \/>\n<link rel=\"canonical\" href=\"https:\/\/lafermedelalmanarre.com\/index.php\/aproposdenous\/\" \/>\n<meta property=\"og:locale\" content=\"fr_FR\" \/>\n<meta property=\"og:type\" content=\"article\" \/>\n<meta property=\"og:title\" content=\"aproposdenous - Ferme de l&#039;Almanarre\" \/>\n<meta property=\"og:description\" content=\"A Propos De NousNotre Histoire et Nos Valeurs depuis 50 ansL\u2019Agriculture Raisonn\u00e9e\u00c0 La Ferme de l&#039;Almanarre, nous pratiquons une agriculture raisonn\u00e9e, respectueuse de la nature. Cela nous permet de vous offrir des produits de qualit\u00e9 tout en pr\u00e9servant l&#039;environnement et la biodiversit\u00e9.Depuis 3 G\u00e9n\u00e9rationsDepuis pr\u00e8s de 50 ans, La Ferme de l&#039;Almanarre est transmise de g\u00e9n\u00e9ration en g\u00e9n\u00e9ration. Cette continuit\u00e9 familiale garantit un savoir-faire unique, m\u00ealant tradition et innovation, avec un engagement constant pour la qualit\u00e9 et le respect de la nature.Qui je suis ?MYLENE HEREDIAJe m&#039;appelle Myl\u00e8ne Heredia, et je suis fi\u00e8re de repr\u00e9senter la troisi\u00e8me g\u00e9n\u00e9ration \u00e0 la t\u00eate de La Ferme de l&#039;Almanarre. Depuis toute petite, j&#039;ai grandi au milieu des champs, en apprenant le respect de la terre et l&#039;amour du travail bien fait. Aujourd&#039;hui, je perp\u00e9tue cet h\u00e9ritage familial avec passion, en cultivant nos produits selon les principes de l&#039;agriculture raisonn\u00e9e. Mon objectif est de vous offrir des produits de qualit\u00e9, frais et respectueux de la nature, comme ma famille l&#039;a toujours fait.La Philosophie de la FermeNous pratiquons une agriculture raisonn\u00e9e, respectueuse de la nature pour pr\u00e9server la biodiversit\u00e9 et produire des aliments de qualit\u00e9.Les Produits de la FermeNous offrons une vari\u00e9t\u00e9 de fruits, l\u00e9gumes, [&hellip;]\" \/>\n<meta property=\"og:url\" content=\"https:\/\/lafermedelalmanarre.com\/index.php\/aproposdenous\/\" \/>\n<meta property=\"og:site_name\" content=\"Ferme de l&#039;Almanarre\" \/>\n<meta property=\"article:publisher\" content=\"https:\/\/www.facebook.com\/laferme.almanarre\/?locale=fr_FR\" \/>\n<meta property=\"article:modified_time\" content=\"2025-11-19T11:04:22+00:00\" \/>\n<meta name=\"twitter:card\" content=\"summary_large_image\" \/>\n<meta name=\"twitter:label1\" content=\"Dur\u00e9e de lecture estim\u00e9e\" \/>\n\t<meta name=\"twitter:data1\" content=\"20 minutes\" \/>\n<script type=\"application\/ld+json\" class=\"yoast-schema-graph\">{\"@context\":\"https:\\\/\\\/schema.org\",\"@graph\":[{\"@type\":\"WebPage\",\"@id\":\"https:\\\/\\\/lafermedelalmanarre.com\\\/index.php\\\/aproposdenous\\\/\",\"url\":\"https:\\\/\\\/lafermedelalmanarre.com\\\/index.php\\\/aproposdenous\\\/\",\"name\":\"aproposdenous - Ferme de l&#039;Almanarre\",\"isPartOf\":{\"@id\":\"https:\\\/\\\/lafermedelalmanarre.com\\\/#website\"},\"datePublished\":\"2024-10-02T12:52:21+00:00\",\"dateModified\":\"2025-11-19T11:04:22+00:00\",\"breadcrumb\":{\"@id\":\"https:\\\/\\\/lafermedelalmanarre.com\\\/index.php\\\/aproposdenous\\\/#breadcrumb\"},\"inLanguage\":\"fr-FR\",\"potentialAction\":[{\"@type\":\"ReadAction\",\"target\":[\"https:\\\/\\\/lafermedelalmanarre.com\\\/index.php\\\/aproposdenous\\\/\"]}]},{\"@type\":\"BreadcrumbList\",\"@id\":\"https:\\\/\\\/lafermedelalmanarre.com\\\/index.php\\\/aproposdenous\\\/#breadcrumb\",\"itemListElement\":[{\"@type\":\"ListItem\",\"position\":1,\"name\":\"Accueil\",\"item\":\"https:\\\/\\\/lafermedelalmanarre.com\\\/\"},{\"@type\":\"ListItem\",\"position\":2,\"name\":\"aproposdenous\"}]},{\"@type\":\"WebSite\",\"@id\":\"https:\\\/\\\/lafermedelalmanarre.com\\\/#website\",\"url\":\"https:\\\/\\\/lafermedelalmanarre.com\\\/\",\"name\":\"La Ferme de l'Almanarre\",\"description\":\"Le go\u00fbt du naturel, cultiv\u00e9 avec passion.\",\"publisher\":{\"@id\":\"https:\\\/\\\/lafermedelalmanarre.com\\\/#organization\"},\"potentialAction\":[{\"@type\":\"SearchAction\",\"target\":{\"@type\":\"EntryPoint\",\"urlTemplate\":\"https:\\\/\\\/lafermedelalmanarre.com\\\/?s={search_term_string}\"},\"query-input\":{\"@type\":\"PropertyValueSpecification\",\"valueRequired\":true,\"valueName\":\"search_term_string\"}}],\"inLanguage\":\"fr-FR\"},{\"@type\":\"Organization\",\"@id\":\"https:\\\/\\\/lafermedelalmanarre.com\\\/#organization\",\"name\":\"Ferme de l'Almanarre \u2013 Fruits, L\u00e9gumes & Produits Locaux \u00e0 Hy\u00e8res\",\"url\":\"https:\\\/\\\/lafermedelalmanarre.com\\\/\",\"logo\":{\"@type\":\"ImageObject\",\"inLanguage\":\"fr-FR\",\"@id\":\"https:\\\/\\\/lafermedelalmanarre.com\\\/#\\\/schema\\\/logo\\\/image\\\/\",\"url\":\"http:\\\/\\\/lafermedelalmanarre.com\\\/wp-content\\\/uploads\\\/2024\\\/10\\\/organic-farming-icon-04-1.png\",\"contentUrl\":\"http:\\\/\\\/lafermedelalmanarre.com\\\/wp-content\\\/uploads\\\/2024\\\/10\\\/organic-farming-icon-04-1.png\",\"width\":128,\"height\":128,\"caption\":\"Ferme de l'Almanarre \u2013 Fruits, L\u00e9gumes & Produits Locaux \u00e0 Hy\u00e8res\"},\"image\":{\"@id\":\"https:\\\/\\\/lafermedelalmanarre.com\\\/#\\\/schema\\\/logo\\\/image\\\/\"},\"sameAs\":[\"https:\\\/\\\/www.facebook.com\\\/laferme.almanarre\\\/?locale=fr_FR\",\"https:\\\/\\\/www.instagram.com\\\/laferme_almanarre\\\/\"]}]}<\/script>\n<!-- \/ Yoast SEO plugin. -->","yoast_head_json":{"title":"aproposdenous - Ferme de l&#039;Almanarre","robots":{"index":"index","follow":"follow","max-snippet":"max-snippet:-1","max-image-preview":"max-image-preview:large","max-video-preview":"max-video-preview:-1"},"canonical":"https:\/\/lafermedelalmanarre.com\/index.php\/aproposdenous\/","og_locale":"fr_FR","og_type":"article","og_title":"aproposdenous - Ferme de l&#039;Almanarre","og_description":"A Propos De NousNotre Histoire et Nos Valeurs depuis 50 ansL\u2019Agriculture Raisonn\u00e9e\u00c0 La Ferme de l'Almanarre, nous pratiquons une agriculture raisonn\u00e9e, respectueuse de la nature. Cela nous permet de vous offrir des produits de qualit\u00e9 tout en pr\u00e9servant l'environnement et la biodiversit\u00e9.Depuis 3 G\u00e9n\u00e9rationsDepuis pr\u00e8s de 50 ans, La Ferme de l'Almanarre est transmise de g\u00e9n\u00e9ration en g\u00e9n\u00e9ration. Cette continuit\u00e9 familiale garantit un savoir-faire unique, m\u00ealant tradition et innovation, avec un engagement constant pour la qualit\u00e9 et le respect de la nature.Qui je suis ?MYLENE HEREDIAJe m'appelle Myl\u00e8ne Heredia, et je suis fi\u00e8re de repr\u00e9senter la troisi\u00e8me g\u00e9n\u00e9ration \u00e0 la t\u00eate de La Ferme de l'Almanarre. Depuis toute petite, j'ai grandi au milieu des champs, en apprenant le respect de la terre et l'amour du travail bien fait. Aujourd'hui, je perp\u00e9tue cet h\u00e9ritage familial avec passion, en cultivant nos produits selon les principes de l'agriculture raisonn\u00e9e. Mon objectif est de vous offrir des produits de qualit\u00e9, frais et respectueux de la nature, comme ma famille l'a toujours fait.La Philosophie de la FermeNous pratiquons une agriculture raisonn\u00e9e, respectueuse de la nature pour pr\u00e9server la biodiversit\u00e9 et produire des aliments de qualit\u00e9.Les Produits de la FermeNous offrons une vari\u00e9t\u00e9 de fruits, l\u00e9gumes, [&hellip;]","og_url":"https:\/\/lafermedelalmanarre.com\/index.php\/aproposdenous\/","og_site_name":"Ferme de l&#039;Almanarre","article_publisher":"https:\/\/www.facebook.com\/laferme.almanarre\/?locale=fr_FR","article_modified_time":"2025-11-19T11:04:22+00:00","twitter_card":"summary_large_image","twitter_misc":{"Dur\u00e9e de lecture estim\u00e9e":"20 minutes"},"schema":{"@context":"https:\/\/schema.org","@graph":[{"@type":"WebPage","@id":"https:\/\/lafermedelalmanarre.com\/index.php\/aproposdenous\/","url":"https:\/\/lafermedelalmanarre.com\/index.php\/aproposdenous\/","name":"aproposdenous - Ferme de l&#039;Almanarre","isPartOf":{"@id":"https:\/\/lafermedelalmanarre.com\/#website"},"datePublished":"2024-10-02T12:52:21+00:00","dateModified":"2025-11-19T11:04:22+00:00","breadcrumb":{"@id":"https:\/\/lafermedelalmanarre.com\/index.php\/aproposdenous\/#breadcrumb"},"inLanguage":"fr-FR","potentialAction":[{"@type":"ReadAction","target":["https:\/\/lafermedelalmanarre.com\/index.php\/aproposdenous\/"]}]},{"@type":"BreadcrumbList","@id":"https:\/\/lafermedelalmanarre.com\/index.php\/aproposdenous\/#breadcrumb","itemListElement":[{"@type":"ListItem","position":1,"name":"Accueil","item":"https:\/\/lafermedelalmanarre.com\/"},{"@type":"ListItem","position":2,"name":"aproposdenous"}]},{"@type":"WebSite","@id":"https:\/\/lafermedelalmanarre.com\/#website","url":"https:\/\/lafermedelalmanarre.com\/","name":"La Ferme de l'Almanarre","description":"Le go\u00fbt du naturel, cultiv\u00e9 avec passion.","publisher":{"@id":"https:\/\/lafermedelalmanarre.com\/#organization"},"potentialAction":[{"@type":"SearchAction","target":{"@type":"EntryPoint","urlTemplate":"https:\/\/lafermedelalmanarre.com\/?s={search_term_string}"},"query-input":{"@type":"PropertyValueSpecification","valueRequired":true,"valueName":"search_term_string"}}],"inLanguage":"fr-FR"},{"@type":"Organization","@id":"https:\/\/lafermedelalmanarre.com\/#organization","name":"Ferme de l'Almanarre \u2013 Fruits, L\u00e9gumes & Produits Locaux \u00e0 Hy\u00e8res","url":"https:\/\/lafermedelalmanarre.com\/","logo":{"@type":"ImageObject","inLanguage":"fr-FR","@id":"https:\/\/lafermedelalmanarre.com\/#\/schema\/logo\/image\/","url":"http:\/\/lafermedelalmanarre.com\/wp-content\/uploads\/2024\/10\/organic-farming-icon-04-1.png","contentUrl":"http:\/\/lafermedelalmanarre.com\/wp-content\/uploads\/2024\/10\/organic-farming-icon-04-1.png","width":128,"height":128,"caption":"Ferme de l'Almanarre \u2013 Fruits, L\u00e9gumes & Produits Locaux \u00e0 Hy\u00e8res"},"image":{"@id":"https:\/\/lafermedelalmanarre.com\/#\/schema\/logo\/image\/"},"sameAs":["https:\/\/www.facebook.com\/laferme.almanarre\/?locale=fr_FR","https:\/\/www.instagram.com\/laferme_almanarre\/"]}]}},"_links":{"self":[{"href":"https:\/\/lafermedelalmanarre.com\/index.php\/wp-json\/wp\/v2\/pages\/111","targetHints":{"allow":["GET"]}}],"collection":[{"href":"https:\/\/lafermedelalmanarre.com\/index.php\/wp-json\/wp\/v2\/pages"}],"about":[{"href":"https:\/\/lafermedelalmanarre.com\/index.php\/wp-json\/wp\/v2\/types\/page"}],"author":[{"embeddable":true,"href":"https:\/\/lafermedelalmanarre.com\/index.php\/wp-json\/wp\/v2\/users\/1"}],"replies":[{"embeddable":true,"href":"https:\/\/lafermedelalmanarre.com\/index.php\/wp-json\/wp\/v2\/comments?post=111"}],"version-history":[{"count":13,"href":"https:\/\/lafermedelalmanarre.com\/index.php\/wp-json\/wp\/v2\/pages\/111\/revisions"}],"predecessor-version":[{"id":406,"href":"https:\/\/lafermedelalmanarre.com\/index.php\/wp-json\/wp\/v2\/pages\/111\/revisions\/406"}],"wp:attachment":[{"href":"https:\/\/lafermedelalmanarre.com\/index.php\/wp-json\/wp\/v2\/media?parent=111"}],"curies":[{"name":"wp","href":"https:\/\/api.w.org\/{rel}","templated":true}]}}