{"id":95,"date":"2024-10-01T21:01:57","date_gmt":"2024-10-01T19:01:57","guid":{"rendered":"https:\/\/lafermedelalmanarre.com\/?post_type=product&#038;p=95"},"modified":"2024-12-17T10:15:56","modified_gmt":"2024-12-17T09:15:56","slug":"panier-de-la-semaine","status":"publish","type":"product","link":"https:\/\/lafermedelalmanarre.com\/index.php\/produit\/panier-de-la-semaine\/","title":{"rendered":"Panier de la Semaine S51"},"content":{"rendered":"<p>[et_pb_section fb_built=\u00a0\u00bb1&Prime; _builder_version=\u00a0\u00bb4.16&Prime; custom_padding=\u00a0\u00bb0px||||false|false\u00a0\u00bb global_colors_info=\u00a0\u00bb{}\u00a0\u00bb][et_pb_row _builder_version=\u00a0\u00bb4.16&Prime; background_size=\u00a0\u00bbinitial\u00a0\u00bb background_position=\u00a0\u00bbtop_left\u00a0\u00bb background_repeat=\u00a0\u00bbrepeat\u00a0\u00bb width=\u00a0\u00bb100%\u00a0\u00bb custom_padding=\u00a0\u00bb0px||0px||false|false\u00a0\u00bb global_colors_info=\u00a0\u00bb{}\u00a0\u00bb][et_pb_column type=\u00a0\u00bb4_4&Prime; _builder_version=\u00a0\u00bb4.16&Prime; custom_padding=\u00a0\u00bb|||\u00a0\u00bb global_colors_info=\u00a0\u00bb{}\u00a0\u00bb custom_padding__hover=\u00a0\u00bb|||\u00a0\u00bb][et_pb_wc_breadcrumb _builder_version=\u00a0\u00bb4.16&Prime; global_colors_info=\u00a0\u00bb{}\u00a0\u00bb][\/et_pb_wc_breadcrumb][et_pb_wc_cart_notice _builder_version=\u00a0\u00bb4.27.0&Prime; custom_button=\u00a0\u00bbon\u00a0\u00bb button_text_color=\u00a0\u00bb#05433B\u00a0\u00bb button_border_width=\u00a0\u00bb0px\u00a0\u00bb button_border_radius=\u00a0\u00bb50px\u00a0\u00bb global_colors_info=\u00a0\u00bb{}\u00a0\u00bb][\/et_pb_wc_cart_notice][\/et_pb_column][\/et_pb_row][et_pb_row column_structure=\u00a0\u00bb1_2,1_2&Prime; _builder_version=\u00a0\u00bb4.16&Prime; background_size=\u00a0\u00bbinitial\u00a0\u00bb background_position=\u00a0\u00bbtop_left\u00a0\u00bb background_repeat=\u00a0\u00bbrepeat\u00a0\u00bb width=\u00a0\u00bb100%\u00a0\u00bb custom_padding=\u00a0\u00bb0px||||false|false\u00a0\u00bb global_colors_info=\u00a0\u00bb{}\u00a0\u00bb][et_pb_column type=\u00a0\u00bb1_2&Prime; _builder_version=\u00a0\u00bb4.16&Prime; custom_padding=\u00a0\u00bb|||\u00a0\u00bb global_colors_info=\u00a0\u00bb{}\u00a0\u00bb custom_padding__hover=\u00a0\u00bb|||\u00a0\u00bb][et_pb_wc_images show_product_gallery=\u00a0\u00bboff\u00a0\u00bb show_sale_badge=\u00a0\u00bboff\u00a0\u00bb _builder_version=\u00a0\u00bb4.27.0&Prime; background_enable_image=\u00a0\u00bboff\u00a0\u00bb border_radii_image=\u00a0\u00bbon|20px|20px|20px|20px\u00a0\u00bb global_colors_info=\u00a0\u00bb{}\u00a0\u00bb][\/et_pb_wc_images][\/et_pb_column][et_pb_column type=\u00a0\u00bb1_2&Prime; _builder_version=\u00a0\u00bb4.16&Prime; custom_padding=\u00a0\u00bb|||\u00a0\u00bb global_colors_info=\u00a0\u00bb{}\u00a0\u00bb custom_padding__hover=\u00a0\u00bb|||\u00a0\u00bb][et_pb_wc_title _builder_version=\u00a0\u00bb4.16&Prime; global_colors_info=\u00a0\u00bb{}\u00a0\u00bb][\/et_pb_wc_title][et_pb_wc_price _builder_version=\u00a0\u00bb4.16&Prime; global_colors_info=\u00a0\u00bb{}\u00a0\u00bb][\/et_pb_wc_price][et_pb_wc_additional_info _builder_version=\u00a0\u00bb4.27.0&Prime; _module_preset=\u00a0\u00bbdefault\u00a0\u00bb header_font_size=\u00a0\u00bb15px\u00a0\u00bb global_colors_info=\u00a0\u00bb{}\u00a0\u00bb][\/et_pb_wc_additional_info][et_pb_wc_description _builder_version=\u00a0\u00bb4.16&Prime; global_colors_info=\u00a0\u00bb{}\u00a0\u00bb][\/et_pb_wc_description][et_pb_wc_add_to_cart _builder_version=\u00a0\u00bb4.27.0&Prime; custom_button=\u00a0\u00bbon\u00a0\u00bb button_text_size=\u00a0\u00bb14px\u00a0\u00bb button_text_color=\u00a0\u00bb#FFFFFF\u00a0\u00bb button_bg_color=\u00a0\u00bb#00463b\u00a0\u00bb button_border_width=\u00a0\u00bb10px\u00a0\u00bb button_border_color=\u00a0\u00bb#05433B\u00a0\u00bb button_border_radius=\u00a0\u00bb50px\u00a0\u00bb button_letter_spacing=\u00a0\u00bb0.12em\u00a0\u00bb button_font=\u00a0\u00bbJosefin Sans|700||on|||||\u00a0\u00bb global_colors_info=\u00a0\u00bb{}\u00a0\u00bb][\/et_pb_wc_add_to_cart][\/et_pb_column][\/et_pb_row][\/et_pb_section]<\/p>\n","protected":false},"excerpt":{"rendered":"<p>D\u00e9couvrez un panier rempli de fra\u00eecheur et de saveurs locales. Cette semaine, profitez d&rsquo;une s\u00e9lection vari\u00e9e et \u00e9quilibr\u00e9e de fruits et l\u00e9gumes de saison, id\u00e9ale pour vos repas : *photo non contractuelle<\/p>\n<ul>\n<li>1 kg de Blettes<\/li>\n<li>1 chou vert fris\u00e9s<\/li>\n<li>1 chou chinois<\/li>\n<li>1 Salade<\/li>\n<li>500 g de fenouil<\/li>\n<li>500 g de navets<\/li>\n<li>500 g de brocolis<\/li>\n<li>2 Artichauts<\/li>\n<li>1 kg de pommes<\/li>\n<li>1 Kg de poires<\/li>\n<\/ul>\n<p><strong>Livraison sur Hy\u00e8res \/ Carqueiranne \/ La Moutonne<\/strong><\/p>\n<p><strong>Commandez avant le Jeudi 22H, Livraison le Samedi<\/strong><\/p>\n","protected":false},"featured_media":343,"comment_status":"open","ping_status":"closed","template":"","meta":{"_et_pb_use_builder":"on","_et_pb_old_content":"","_et_gb_content_width":""},"product_brand":[],"product_cat":[16],"product_tag":[],"class_list":{"0":"post-95","1":"product","2":"type-product","3":"status-publish","4":"has-post-thumbnail","6":"product_cat-non-classe","8":"first","9":"instock","10":"taxable","11":"shipping-taxable","12":"purchasable","13":"product-type-simple"},"yoast_head":"<!-- This site is optimized with the Yoast SEO plugin v27.3 - https:\/\/yoast.com\/product\/yoast-seo-wordpress\/ -->\n<title>Panier de la Semaine S51 - Ferme de l&#039;Almanarre<\/title>\n<meta name=\"robots\" content=\"index, follow, max-snippet:-1, max-image-preview:large, max-video-preview:-1\" \/>\n<link rel=\"canonical\" href=\"https:\/\/lafermedelalmanarre.com\/index.php\/produit\/panier-de-la-semaine\/\" \/>\n<meta property=\"og:locale\" content=\"fr_FR\" \/>\n<meta property=\"og:type\" content=\"article\" \/>\n<meta property=\"og:title\" content=\"Panier de la Semaine S51 - Ferme de l&#039;Almanarre\" \/>\n<meta property=\"og:description\" content=\"D\u00e9couvrez un panier rempli de fra\u00eecheur et de saveurs locales. Cette semaine, profitez d&#039;une s\u00e9lection vari\u00e9e et \u00e9quilibr\u00e9e de fruits et l\u00e9gumes de saison, id\u00e9ale pour vos repas : *photo non contractuelle   1 kg de Blettes  1 chou vert fris\u00e9s  1 chou chinois  1 Salade  500 g de fenouil  500 g de navets  500 g de brocolis  2 Artichauts  1 kg de pommes  1 Kg de poires  Livraison sur Hy\u00e8res \/ Carqueiranne \/ La Moutonne  Commandez avant le Jeudi 22H, Livraison le Samedi\" \/>\n<meta property=\"og:url\" content=\"https:\/\/lafermedelalmanarre.com\/index.php\/produit\/panier-de-la-semaine\/\" \/>\n<meta property=\"og:site_name\" content=\"Ferme de l&#039;Almanarre\" \/>\n<meta property=\"article:publisher\" content=\"https:\/\/www.facebook.com\/laferme.almanarre\/?locale=fr_FR\" \/>\n<meta property=\"article:modified_time\" content=\"2024-12-17T09:15:56+00:00\" \/>\n<meta property=\"og:image\" content=\"https:\/\/lafermedelalmanarre.com\/wp-content\/uploads\/2024\/10\/IMG_3856-scaled.jpg\" \/>\n\t<meta property=\"og:image:width\" content=\"2014\" \/>\n\t<meta property=\"og:image:height\" content=\"2560\" \/>\n\t<meta property=\"og:image:type\" content=\"image\/jpeg\" \/>\n<meta name=\"twitter:card\" content=\"summary_large_image\" \/>\n<meta name=\"twitter:label1\" content=\"Dur\u00e9e de lecture estim\u00e9e\" \/>\n\t<meta name=\"twitter:data1\" content=\"2 minutes\" \/>\n<script type=\"application\/ld+json\" class=\"yoast-schema-graph\">{\"@context\":\"https:\\\/\\\/schema.org\",\"@graph\":[{\"@type\":\"WebPage\",\"@id\":\"https:\\\/\\\/lafermedelalmanarre.com\\\/index.php\\\/produit\\\/panier-de-la-semaine\\\/\",\"url\":\"https:\\\/\\\/lafermedelalmanarre.com\\\/index.php\\\/produit\\\/panier-de-la-semaine\\\/\",\"name\":\"Panier de la Semaine S51 - Ferme de l&#039;Almanarre\",\"isPartOf\":{\"@id\":\"https:\\\/\\\/lafermedelalmanarre.com\\\/#website\"},\"primaryImageOfPage\":{\"@id\":\"https:\\\/\\\/lafermedelalmanarre.com\\\/index.php\\\/produit\\\/panier-de-la-semaine\\\/#primaryimage\"},\"image\":{\"@id\":\"https:\\\/\\\/lafermedelalmanarre.com\\\/index.php\\\/produit\\\/panier-de-la-semaine\\\/#primaryimage\"},\"thumbnailUrl\":\"https:\\\/\\\/lafermedelalmanarre.com\\\/wp-content\\\/uploads\\\/2024\\\/10\\\/IMG_3856-scaled.jpg\",\"datePublished\":\"2024-10-01T19:01:57+00:00\",\"dateModified\":\"2024-12-17T09:15:56+00:00\",\"breadcrumb\":{\"@id\":\"https:\\\/\\\/lafermedelalmanarre.com\\\/index.php\\\/produit\\\/panier-de-la-semaine\\\/#breadcrumb\"},\"inLanguage\":\"fr-FR\",\"potentialAction\":[{\"@type\":\"ReadAction\",\"target\":[\"https:\\\/\\\/lafermedelalmanarre.com\\\/index.php\\\/produit\\\/panier-de-la-semaine\\\/\"]}]},{\"@type\":\"ImageObject\",\"inLanguage\":\"fr-FR\",\"@id\":\"https:\\\/\\\/lafermedelalmanarre.com\\\/index.php\\\/produit\\\/panier-de-la-semaine\\\/#primaryimage\",\"url\":\"https:\\\/\\\/lafermedelalmanarre.com\\\/wp-content\\\/uploads\\\/2024\\\/10\\\/IMG_3856-scaled.jpg\",\"contentUrl\":\"https:\\\/\\\/lafermedelalmanarre.com\\\/wp-content\\\/uploads\\\/2024\\\/10\\\/IMG_3856-scaled.jpg\",\"width\":2014,\"height\":2560},{\"@type\":\"BreadcrumbList\",\"@id\":\"https:\\\/\\\/lafermedelalmanarre.com\\\/index.php\\\/produit\\\/panier-de-la-semaine\\\/#breadcrumb\",\"itemListElement\":[{\"@type\":\"ListItem\",\"position\":1,\"name\":\"Accueil\",\"item\":\"https:\\\/\\\/lafermedelalmanarre.com\\\/\"},{\"@type\":\"ListItem\",\"position\":2,\"name\":\"Accueil 2\",\"item\":\"https:\\\/\\\/lafermedelalmanarre.com\\\/\"},{\"@type\":\"ListItem\",\"position\":3,\"name\":\"Panier de la Semaine S51\"}]},{\"@type\":\"WebSite\",\"@id\":\"https:\\\/\\\/lafermedelalmanarre.com\\\/#website\",\"url\":\"https:\\\/\\\/lafermedelalmanarre.com\\\/\",\"name\":\"La Ferme de l'Almanarre\",\"description\":\"Le go\u00fbt du naturel, cultiv\u00e9 avec passion.\",\"publisher\":{\"@id\":\"https:\\\/\\\/lafermedelalmanarre.com\\\/#organization\"},\"potentialAction\":[{\"@type\":\"SearchAction\",\"target\":{\"@type\":\"EntryPoint\",\"urlTemplate\":\"https:\\\/\\\/lafermedelalmanarre.com\\\/?s={search_term_string}\"},\"query-input\":{\"@type\":\"PropertyValueSpecification\",\"valueRequired\":true,\"valueName\":\"search_term_string\"}}],\"inLanguage\":\"fr-FR\"},{\"@type\":\"Organization\",\"@id\":\"https:\\\/\\\/lafermedelalmanarre.com\\\/#organization\",\"name\":\"Ferme de l'Almanarre \u2013 Fruits, L\u00e9gumes & Produits Locaux \u00e0 Hy\u00e8res\",\"url\":\"https:\\\/\\\/lafermedelalmanarre.com\\\/\",\"logo\":{\"@type\":\"ImageObject\",\"inLanguage\":\"fr-FR\",\"@id\":\"https:\\\/\\\/lafermedelalmanarre.com\\\/#\\\/schema\\\/logo\\\/image\\\/\",\"url\":\"http:\\\/\\\/lafermedelalmanarre.com\\\/wp-content\\\/uploads\\\/2024\\\/10\\\/organic-farming-icon-04-1.png\",\"contentUrl\":\"http:\\\/\\\/lafermedelalmanarre.com\\\/wp-content\\\/uploads\\\/2024\\\/10\\\/organic-farming-icon-04-1.png\",\"width\":128,\"height\":128,\"caption\":\"Ferme de l'Almanarre \u2013 Fruits, L\u00e9gumes & Produits Locaux \u00e0 Hy\u00e8res\"},\"image\":{\"@id\":\"https:\\\/\\\/lafermedelalmanarre.com\\\/#\\\/schema\\\/logo\\\/image\\\/\"},\"sameAs\":[\"https:\\\/\\\/www.facebook.com\\\/laferme.almanarre\\\/?locale=fr_FR\",\"https:\\\/\\\/www.instagram.com\\\/laferme_almanarre\\\/\"]}]}<\/script>\n<!-- \/ Yoast SEO plugin. -->","yoast_head_json":{"title":"Panier de la Semaine S51 - Ferme de l&#039;Almanarre","robots":{"index":"index","follow":"follow","max-snippet":"max-snippet:-1","max-image-preview":"max-image-preview:large","max-video-preview":"max-video-preview:-1"},"canonical":"https:\/\/lafermedelalmanarre.com\/index.php\/produit\/panier-de-la-semaine\/","og_locale":"fr_FR","og_type":"article","og_title":"Panier de la Semaine S51 - Ferme de l&#039;Almanarre","og_description":"D\u00e9couvrez un panier rempli de fra\u00eecheur et de saveurs locales. Cette semaine, profitez d'une s\u00e9lection vari\u00e9e et \u00e9quilibr\u00e9e de fruits et l\u00e9gumes de saison, id\u00e9ale pour vos repas : *photo non contractuelle   1 kg de Blettes  1 chou vert fris\u00e9s  1 chou chinois  1 Salade  500 g de fenouil  500 g de navets  500 g de brocolis  2 Artichauts  1 kg de pommes  1 Kg de poires  Livraison sur Hy\u00e8res \/ Carqueiranne \/ La Moutonne  Commandez avant le Jeudi 22H, Livraison le Samedi","og_url":"https:\/\/lafermedelalmanarre.com\/index.php\/produit\/panier-de-la-semaine\/","og_site_name":"Ferme de l&#039;Almanarre","article_publisher":"https:\/\/www.facebook.com\/laferme.almanarre\/?locale=fr_FR","article_modified_time":"2024-12-17T09:15:56+00:00","og_image":[{"width":2014,"height":2560,"url":"https:\/\/lafermedelalmanarre.com\/wp-content\/uploads\/2024\/10\/IMG_3856-scaled.jpg","type":"image\/jpeg"}],"twitter_card":"summary_large_image","twitter_misc":{"Dur\u00e9e de lecture estim\u00e9e":"2 minutes"},"schema":{"@context":"https:\/\/schema.org","@graph":[{"@type":"WebPage","@id":"https:\/\/lafermedelalmanarre.com\/index.php\/produit\/panier-de-la-semaine\/","url":"https:\/\/lafermedelalmanarre.com\/index.php\/produit\/panier-de-la-semaine\/","name":"Panier de la Semaine S51 - Ferme de l&#039;Almanarre","isPartOf":{"@id":"https:\/\/lafermedelalmanarre.com\/#website"},"primaryImageOfPage":{"@id":"https:\/\/lafermedelalmanarre.com\/index.php\/produit\/panier-de-la-semaine\/#primaryimage"},"image":{"@id":"https:\/\/lafermedelalmanarre.com\/index.php\/produit\/panier-de-la-semaine\/#primaryimage"},"thumbnailUrl":"https:\/\/lafermedelalmanarre.com\/wp-content\/uploads\/2024\/10\/IMG_3856-scaled.jpg","datePublished":"2024-10-01T19:01:57+00:00","dateModified":"2024-12-17T09:15:56+00:00","breadcrumb":{"@id":"https:\/\/lafermedelalmanarre.com\/index.php\/produit\/panier-de-la-semaine\/#breadcrumb"},"inLanguage":"fr-FR","potentialAction":[{"@type":"ReadAction","target":["https:\/\/lafermedelalmanarre.com\/index.php\/produit\/panier-de-la-semaine\/"]}]},{"@type":"ImageObject","inLanguage":"fr-FR","@id":"https:\/\/lafermedelalmanarre.com\/index.php\/produit\/panier-de-la-semaine\/#primaryimage","url":"https:\/\/lafermedelalmanarre.com\/wp-content\/uploads\/2024\/10\/IMG_3856-scaled.jpg","contentUrl":"https:\/\/lafermedelalmanarre.com\/wp-content\/uploads\/2024\/10\/IMG_3856-scaled.jpg","width":2014,"height":2560},{"@type":"BreadcrumbList","@id":"https:\/\/lafermedelalmanarre.com\/index.php\/produit\/panier-de-la-semaine\/#breadcrumb","itemListElement":[{"@type":"ListItem","position":1,"name":"Accueil","item":"https:\/\/lafermedelalmanarre.com\/"},{"@type":"ListItem","position":2,"name":"Accueil 2","item":"https:\/\/lafermedelalmanarre.com\/"},{"@type":"ListItem","position":3,"name":"Panier de la Semaine S51"}]},{"@type":"WebSite","@id":"https:\/\/lafermedelalmanarre.com\/#website","url":"https:\/\/lafermedelalmanarre.com\/","name":"La Ferme de l'Almanarre","description":"Le go\u00fbt du naturel, cultiv\u00e9 avec passion.","publisher":{"@id":"https:\/\/lafermedelalmanarre.com\/#organization"},"potentialAction":[{"@type":"SearchAction","target":{"@type":"EntryPoint","urlTemplate":"https:\/\/lafermedelalmanarre.com\/?s={search_term_string}"},"query-input":{"@type":"PropertyValueSpecification","valueRequired":true,"valueName":"search_term_string"}}],"inLanguage":"fr-FR"},{"@type":"Organization","@id":"https:\/\/lafermedelalmanarre.com\/#organization","name":"Ferme de l'Almanarre \u2013 Fruits, L\u00e9gumes & Produits Locaux \u00e0 Hy\u00e8res","url":"https:\/\/lafermedelalmanarre.com\/","logo":{"@type":"ImageObject","inLanguage":"fr-FR","@id":"https:\/\/lafermedelalmanarre.com\/#\/schema\/logo\/image\/","url":"http:\/\/lafermedelalmanarre.com\/wp-content\/uploads\/2024\/10\/organic-farming-icon-04-1.png","contentUrl":"http:\/\/lafermedelalmanarre.com\/wp-content\/uploads\/2024\/10\/organic-farming-icon-04-1.png","width":128,"height":128,"caption":"Ferme de l'Almanarre \u2013 Fruits, L\u00e9gumes & Produits Locaux \u00e0 Hy\u00e8res"},"image":{"@id":"https:\/\/lafermedelalmanarre.com\/#\/schema\/logo\/image\/"},"sameAs":["https:\/\/www.facebook.com\/laferme.almanarre\/?locale=fr_FR","https:\/\/www.instagram.com\/laferme_almanarre\/"]}]}},"_links":{"self":[{"href":"https:\/\/lafermedelalmanarre.com\/index.php\/wp-json\/wp\/v2\/product\/95","targetHints":{"allow":["GET"]}}],"collection":[{"href":"https:\/\/lafermedelalmanarre.com\/index.php\/wp-json\/wp\/v2\/product"}],"about":[{"href":"https:\/\/lafermedelalmanarre.com\/index.php\/wp-json\/wp\/v2\/types\/product"}],"replies":[{"embeddable":true,"href":"https:\/\/lafermedelalmanarre.com\/index.php\/wp-json\/wp\/v2\/comments?post=95"}],"wp:featuredmedia":[{"embeddable":true,"href":"https:\/\/lafermedelalmanarre.com\/index.php\/wp-json\/wp\/v2\/media\/343"}],"wp:attachment":[{"href":"https:\/\/lafermedelalmanarre.com\/index.php\/wp-json\/wp\/v2\/media?parent=95"}],"wp:term":[{"taxonomy":"product_brand","embeddable":true,"href":"https:\/\/lafermedelalmanarre.com\/index.php\/wp-json\/wp\/v2\/product_brand?post=95"},{"taxonomy":"product_cat","embeddable":true,"href":"https:\/\/lafermedelalmanarre.com\/index.php\/wp-json\/wp\/v2\/product_cat?post=95"},{"taxonomy":"product_tag","embeddable":true,"href":"https:\/\/lafermedelalmanarre.com\/index.php\/wp-json\/wp\/v2\/product_tag?post=95"}],"curies":[{"name":"wp","href":"https:\/\/api.w.org\/{rel}","templated":true}]}}